{"id":14,"date":"2014-02-24T11:00:30","date_gmt":"2014-02-24T11:00:30","guid":{"rendered":"http:\/\/uni.hi.is\/esmari\/?page_id=14"},"modified":"2020-02-04T11:14:25","modified_gmt":"2020-02-04T11:14:25","slug":"ritaskra","status":"publish","type":"page","link":"https:\/\/uni.hi.is\/esmari\/ritaskra\/","title":{"rendered":"Ritaskr\u00e1"},"content":{"rendered":"<p><span style=\"text-decoration: underline\">Birtar greinar:*<\/span><\/p>\n<ul>\n<li>\u201eCapacities, Capabilities and the Societal Impact of the Humanities\u201c,\u00a0<a href=\"https:\/\/academic.oup.com\/rev\"><em>Research Evaluation<\/em><\/a>\u00a0jan\u00faar 2020; ritstj\u00f3rar Jack Spaapen og Gunnar Sivertsen. (R)<\/li>\n<li>\u201eAntifon og d\u00fdr Arist\u00f3telesar: N\u00e1tt\u00faruhyggja \u00ed forngr\u00edskri si\u00f0fr\u00e6\u00f0i\u201c, <em><a href=\"http:\/\/haskolautgafan.hi.is\/hugsad_med_aristotelesi\">Hugsa\u00f0 me\u00f0 Arist\u00f3telesi<\/a><\/em>, ritstj. Svavar Hrafn Svavarsson og Eir\u00edkur Sm\u00e1ri Sigur\u00f0arson, H\u00e1sk\u00f3la\u00fatg\u00e1fan, Reykjav\u00edk (2018). (R)<\/li>\n<li>\u201eDen ideelle videnskab. Aristoteles' herodoteiske platonisme\u201c, <a href=\"http:\/\/aigis.igl.ku.dk\/aigis\/\"><em>Aigis<\/em><\/a> 2017 (Opin v\u00edsindi: <a href=\"https:\/\/hdl.handle.net\/20.500.11815\/220\">https:\/\/hdl.handle.net\/20.500.11815\/220<\/a>).<\/li>\n<li>\u201e\u00cd lj\u00f3si s\u00f6gur og heimspeki. Tv\u00e6r tegundir ranns\u00f3kna \u00e1 manninum\u201c, <a href=\"http:\/\/hugras.is\/ritid\"><em>Riti\u00f0<\/em><\/a> 2016\/3. (R) (Opin v\u00edsindi: <a href=\"https:\/\/hdl.handle.net\/20.500.11815\/210\">https:\/\/hdl.handle.net\/20.500.11815\/210<\/a>)<\/li>\n<li>\u201e<a href=\"http:\/\/uni.hi.is\/esmari\/files\/2014\/02\/A\u00feena-Hebdo-Eir\u00edkur-Sm\u00e1ri-Sigur\u00f0arson.pdf\">A\u00feena Hebdo<\/a>\u201c,\u00a0<a href=\"http:\/\/hugras.is\/2016\/05\/ritid12015-tvisaei-ironia-launhaedni-kaldhaedni-olikindi\/\"><em>Riti\u00f0<\/em> 2015 (1)<\/a>, bls. 187-192.<\/li>\n<li>\u201e<a href=\"http:\/\/aigis.igl.ku.dk\/2015,1\/Platonakta22\/Sigurdarson.pdf\">S\u00f8vnens filosofi: Platon i dialog med livet og d\u00f8den<\/a>\u201c,\u00a0<a href=\"http:\/\/aigis.igl.ku.dk\/aigis\/\"><em>Aigis<\/em><\/a>\u00a02015.<\/li>\n<li>\u201e<a href=\"http:\/\/uni.hi.is\/esmari\/files\/2014\/02\/Dygg\u00f0ir-kvenna-Eir\u00edkur-Sm\u00e1ri-Sigur\u00f0arson.pdf\">Dygg\u00f0ir kvenna?<\/a>\u201c,\u00a0<a href=\"http:\/\/haskolautgafan.hi.is\/hugsa\u00f0_me\u00f0_platoni\"><em>Hugsa\u00f0 me\u00f0 Platoni<\/em><\/a>, ritstj. Svavar Hrafn Svavarsson, H\u00e1sk\u00f3la\u00fatg\u00e1fan, Reykjav\u00edk 2013: bls. 151-165. (R)<\/li>\n<li>\u201eNokkur or\u00f0 um mikilv\u00e6gi ranns\u00f3kna\u201c,\u00a0<em>Handb\u00f3k \u00ed a\u00f0fer\u00f0afr\u00e6\u00f0i ranns\u00f3kna<\/em>, ritstj. Sigr\u00ed\u00f0ur Halld\u00f3rsd\u00f3ttir, H\u00e1sk\u00f3linn \u00e1 Akureyri, Akureyri 2013: bls. 31-37. (R)<\/li>\n<li>\u201e<a href=\"http:\/\/www.igl.ku.dk\/~aigis\/2006,2\/plat\/2.pdf\">Kommentar til Eggert-Olsen<\/a>\u201c og \u201e<a href=\"http:\/\/www.igl.ku.dk\/~aigis\/2006,2\/plat\/18.pdf\">Kommentar til Teodorsson<\/a>\u201c, <em><a href=\"http:\/\/aigis.igl.ku.dk\/aigis\/\">Aigis<\/a><\/em> 2006 (r\u00e1\u00f0stefna norr\u00e6na Platonf\u00e9lagsins \u00ed Osl\u00f3 2005).<\/li>\n<li>\u201e<a href=\"http:\/\/uni.hi.is\/esmari\/files\/2014\/02\/Platos-ideal-of-science-1998.pdf\">Plato's ideal of science<\/a>\u201c,\u00a0<em>Essays on Plato's <\/em>Republic, ritstj. Erik Nis Ostenfeld, Aarhus Universitetsforlag, Aarhus 1998, bls. 85-90. (R)<\/li>\n<li>\u201e<a href=\"http:\/\/uni.hi.is\/esmari\/files\/2014\/02\/Against-fundamentalism-CM-1997.pdf\">Against fundamentalism in Hippocratic hermeneutics: A study of <em>peri nouson <\/em>B<\/a>\u201c,\u00a0<em>Classica et mediaevalia<\/em> XLVIII, Aarhus 1997, 149-166. (R)<\/li>\n<\/ul>\n<p><span style=\"text-decoration: underline\">Ritst\u00fdr\u00f0ar b\u00e6kur:<\/span><\/p>\n<ul>\n<li><em><a href=\"http:\/\/haskolautgafan.hi.is\/hugsad_med_aristotelesi\">Hugsa\u00f0 me\u00f0 Arist\u00f3telesi: 2400 \u00e1ra afm\u00e6li heimspekings<\/a><\/em>, ritstj. Svavar Hrafn Svavarsson og Eir\u00edkur Sm\u00e1ri Sigur\u00f0arson, H\u00e1sk\u00f3la\u00fatg\u00e1fan, Reykjav\u00edk (2018).<\/li>\n<\/ul>\n<p><span style=\"text-decoration: underline\">Doktorsritger\u00f0 (2003):<\/span><\/p>\n<ul>\n<li><a href=\"https:\/\/www.repository.cam.ac.uk\/handle\/1810\/244815\"><em>Studies in<\/em> <em>Historia<\/em><\/a><\/li>\n<\/ul>\n<p><span style=\"text-decoration: underline\">Sk\u00fdrslur<\/span>:<\/p>\n<ul>\n<li><a href=\"http:\/\/brunnur.stjr.is\/mrn\/utgafuskra\/utgafa.nsf\/RSSPage.xsp?documentId=E1A52BA152CF37C400257A07005935C1&amp;action=openDocument\"><em>\u00de\u00e1tttaka \u00cdslands \u00ed 6. og 7. ranns\u00f3kna\u00e1\u00e6tlun ESB: Lokask\u00fdrsla matsh\u00f3ps mennta- og menningarm\u00e1lar\u00e1\u00f0uneytisins<\/em><\/a>, mennta- og menningarm\u00e1lar\u00e1\u00f0uneyti\u00f0, Reykjav\u00edk 2012 (me\u00f0 \u00de\u00f3runni Rafnar, Eddu Lilju Sveinsd\u00f3ttur og Kristni Andersen).<\/li>\n<\/ul>\n<p><span style=\"text-decoration: underline\">Bla\u00f0agreinar<\/span>:<\/p>\n<ul>\n<li>\u201e<a href=\"http:\/\/www.visir.is\/gagn-hugvisinda\/article\/2016161208700\">Gagn hugv\u00edsinda<\/a>\u201c (desember 2016): <em>V\u00edsir<\/em>.<\/li>\n<li>\u201e<a href=\"http:\/\/www.visir.is\/nokkur-ord-um-rannsoknir-og-samkeppnissjodi\/article\/2013711159983\">Nokkur or\u00f0 um ranns\u00f3knir og samkepppnissj\u00f3\u00f0i<\/a>\u201c me\u00f0 \u00c1stu Sif Erlingsd\u00f3ttur (okt\u00f3ber 2013): <em>Fr\u00e9ttabla\u00f0i\u00f0<\/em>.<\/li>\n<li>\u201e<a href=\"http:\/\/visir.is\/epli-og-konglar\/article\/2013710309993\">Epli og k\u00f6nglar<\/a>\u201c (n\u00f3vember 2013):\u00a0<em>Fr\u00e9ttabla\u00f0i\u00f0<\/em>.<\/li>\n<li>\u201e<a href=\"http:\/\/www.visir.is\/enn-um-styrk-fraedasvida-og-mikilvaegi-hugvisinda\/article\/2010121005943\">Enn um styrk fr\u00e6\u00f0asvi\u00f0a og mikilv\u00e6gi hugv\u00edsinda<\/a>\u201c (n\u00f3vember 2010):\u00a0<em>Fr\u00e9ttabla\u00f0i\u00f0.<\/em><\/li>\n<\/ul>\n<p>*Ritr\u00fdndar greinar merktar me\u00f0 (R).<\/p>\n","protected":false},"excerpt":{"rendered":"<p>Birtar greinar:* \u201eCapacities, Capabilities and the Societal Impact of the Humanities\u201c,\u00a0Research Evaluation\u00a0jan\u00faar 2020; ritstj\u00f3rar Jack Spaapen og Gunnar Sivertsen. (R) \u201eAntifon og d\u00fdr Arist\u00f3telesar: N\u00e1tt\u00faruhyggja \u00ed forngr\u00edskri si\u00f0fr\u00e6\u00f0i\u201c, Hugsa\u00f0 me\u00f0 Arist\u00f3telesi, ritstj. Svavar Hrafn Svavarsson og Eir\u00edkur Sm\u00e1ri Sigur\u00f0arson, H\u00e1sk\u00f3la\u00fatg\u00e1fan, &hellip; <a href=\"https:\/\/uni.hi.is\/esmari\/ritaskra\/\">Halda \u00e1fram a\u00f0 lesa <span class=\"meta-nav\">&rarr;<\/span><\/a><\/p>\n","protected":false},"author":414,"featured_media":0,"parent":0,"menu_order":3,"comment_status":"closed","ping_status":"closed","template":"onecolumn-page.php","meta":{"footnotes":""},"class_list":["post-14","page","type-page","status-publish","hentry"],"_links":{"self":[{"href":"https:\/\/uni.hi.is\/esmari\/wp-json\/wp\/v2\/pages\/14","targetHints":{"allow":["GET"]}}],"collection":[{"href":"https:\/\/uni.hi.is\/esmari\/wp-json\/wp\/v2\/pages"}],"about":[{"href":"https:\/\/uni.hi.is\/esmari\/wp-json\/wp\/v2\/types\/page"}],"author":[{"embeddable":true,"href":"https:\/\/uni.hi.is\/esmari\/wp-json\/wp\/v2\/users\/414"}],"replies":[{"embeddable":true,"href":"https:\/\/uni.hi.is\/esmari\/wp-json\/wp\/v2\/comments?post=14"}],"version-history":[{"count":73,"href":"https:\/\/uni.hi.is\/esmari\/wp-json\/wp\/v2\/pages\/14\/revisions"}],"predecessor-version":[{"id":1550,"href":"https:\/\/uni.hi.is\/esmari\/wp-json\/wp\/v2\/pages\/14\/revisions\/1550"}],"wp:attachment":[{"href":"https:\/\/uni.hi.is\/esmari\/wp-json\/wp\/v2\/media?parent=14"}],"curies":[{"name":"wp","href":"https:\/\/api.w.org\/{rel}","templated":true}]}}