{"id":2,"date":"2010-10-11T14:31:27","date_gmt":"2010-10-11T14:31:27","guid":{"rendered":""},"modified":"2017-04-28T19:19:13","modified_gmt":"2017-04-28T19:19:13","slug":"about","status":"publish","type":"page","link":"https:\/\/uni.hi.is\/esmari\/about\/","title":{"rendered":"Um"},"content":{"rendered":"<p><a href=\"http:\/\/uni.hi.is\/esmari\/files\/2014\/02\/Mynd-f-heimasi\u0301\u00f0u.jpg\" rel=\"attachment wp-att-740\"><img loading=\"lazy\" decoding=\"async\" class=\"size-medium wp-image-740 alignright\" src=\"http:\/\/uni.hi.is\/esmari\/files\/2014\/02\/Mynd-f-heimasi\u0301\u00f0u-300x200.jpg\" alt=\"Hugv\u00edsindasvi\u00f0 - Starfsmannamyndir\" width=\"300\" height=\"200\" srcset=\"https:\/\/uni.hi.is\/esmari\/files\/2014\/02\/Mynd-f-heimasi\u0301\u00f0u-300x200.jpg 300w, https:\/\/uni.hi.is\/esmari\/files\/2014\/02\/Mynd-f-heimasi\u0301\u00f0u-768x512.jpg 768w, https:\/\/uni.hi.is\/esmari\/files\/2014\/02\/Mynd-f-heimasi\u0301\u00f0u-1024x683.jpg 1024w\" sizes=\"auto, (max-width: 300px) 100vw, 300px\" \/><\/a>\u00c9g er forst\u00f6\u00f0uma\u00f0ur Hugv\u00edsindastofnunar og ranns\u00f3knastj\u00f3ri Hugv\u00edsindasvi\u00f0s H\u00e1sk\u00f3la \u00cdslands. A\u00f0 auki kenni \u00e9g forngr\u00edsku og heimspeki vi\u00f0 H\u00e1sk\u00f3la \u00cdslands og Menntask\u00f3lann \u00ed Reykjav\u00edk. \u00c9g er giftur Steinunni Kn\u00fatsd\u00f3ttur og vi\u00f0 eigum b\u00f6rnin \u00cdsak Maximillian Eir\u00edksson, Benjam\u00edn \u00deorl\u00e1k Kjaran Eir\u00edksson og Heru Magdalenu Steinunnar Eir\u00edksd\u00f3ttur.<\/p>\n<p>Skrifstofa \u00e1 efstu h\u00e6\u00f0 A\u00f0albyggingar H\u00e1sk\u00f3la \u00cdslands, S\u00e6mundarg\u00f6tu 2, 101 Reykjav\u00edk.<br \/>\nNetfang: esmari@hi.is<br \/>\nS\u00edmi: 5255136<\/p>\n<p>Heima \u00e1 N\u00fdlendug\u00f6tu 15A, 101 Reykjav\u00edk.<br \/>\nNetfang: eirikursmari@gmail.com<br \/>\nS\u00edmi: 5512111<\/p>\n<p>Sj\u00e1 l\u00edka heimas\u00ed\u00f0u \u00e1 <a href=\"http:\/\/is.linkedin.com\/in\/eirikursmari\/en\">LinkedIn<\/a>.<\/p>\n","protected":false},"excerpt":{"rendered":"<p>\u00c9g er forst\u00f6\u00f0uma\u00f0ur Hugv\u00edsindastofnunar og ranns\u00f3knastj\u00f3ri Hugv\u00edsindasvi\u00f0s H\u00e1sk\u00f3la \u00cdslands. A\u00f0 auki kenni \u00e9g forngr\u00edsku og heimspeki vi\u00f0 H\u00e1sk\u00f3la \u00cdslands og Menntask\u00f3lann \u00ed Reykjav\u00edk. \u00c9g er giftur Steinunni Kn\u00fatsd\u00f3ttur og vi\u00f0 eigum b\u00f6rnin \u00cdsak Maximillian Eir\u00edksson, Benjam\u00edn \u00deorl\u00e1k Kjaran Eir\u00edksson og &hellip; <a href=\"https:\/\/uni.hi.is\/esmari\/about\/\">Halda \u00e1fram a\u00f0 lesa <span class=\"meta-nav\">&rarr;<\/span><\/a><\/p>\n","protected":false},"author":414,"featured_media":0,"parent":0,"menu_order":6,"comment_status":"closed","ping_status":"open","template":"onecolumn-page.php","meta":{"footnotes":""},"class_list":["post-2","page","type-page","status-publish","hentry"],"_links":{"self":[{"href":"https:\/\/uni.hi.is\/esmari\/wp-json\/wp\/v2\/pages\/2","targetHints":{"allow":["GET"]}}],"collection":[{"href":"https:\/\/uni.hi.is\/esmari\/wp-json\/wp\/v2\/pages"}],"about":[{"href":"https:\/\/uni.hi.is\/esmari\/wp-json\/wp\/v2\/types\/page"}],"author":[{"embeddable":true,"href":"https:\/\/uni.hi.is\/esmari\/wp-json\/wp\/v2\/users\/414"}],"replies":[{"embeddable":true,"href":"https:\/\/uni.hi.is\/esmari\/wp-json\/wp\/v2\/comments?post=2"}],"version-history":[{"count":15,"href":"https:\/\/uni.hi.is\/esmari\/wp-json\/wp\/v2\/pages\/2\/revisions"}],"predecessor-version":[{"id":1316,"href":"https:\/\/uni.hi.is\/esmari\/wp-json\/wp\/v2\/pages\/2\/revisions\/1316"}],"wp:attachment":[{"href":"https:\/\/uni.hi.is\/esmari\/wp-json\/wp\/v2\/media?parent=2"}],"curies":[{"name":"wp","href":"https:\/\/api.w.org\/{rel}","templated":true}]}}