{"id":221,"date":"2014-08-15T15:36:12","date_gmt":"2014-08-15T15:36:12","guid":{"rendered":"http:\/\/uni.hi.is\/esmari\/?page_id=221"},"modified":"2014-08-31T07:09:09","modified_gmt":"2014-08-31T07:09:09","slug":"parmenides","status":"publish","type":"page","link":"https:\/\/uni.hi.is\/esmari\/kennsla\/fornaldarheimspeki-hsp104g\/fornaldarheimspeki-2014\/parmenides\/","title":{"rendered":"Parmen\u00eddes"},"content":{"rendered":"<p>Fyrsti f\u00f3kust\u00edmi vetrarins fjallar um Parmen\u00eddes, sem flestir eru samm\u00e1la um a\u00f0 s\u00e9 mikilv\u00e6gastur frumherjanna. Hann f\u00e6rir r\u00f6k fyrir \u00fev\u00ed a\u00f0 \u00ed heiminum s\u00e9 a\u00f0eins eitt, a\u00f0 fj\u00f6ldi og breyting s\u00e9u \u00f3m\u00f6guleg. E\u00f0a svo vir\u00f0ist vera og heimspekin var\u00f0 ekki s\u00f6m \u00e1 eftir.<\/p>\n<p>Textar nr. 1 og 2 eru \u00fe\u00fd\u00f0ingar \u00e1 textum um og eftir Parmen\u00eddes. Nr. 3 er greining \u00e1 kenningu hans. Nr. 4 A er grein eftir John Palmer um Parmen\u00eddes og nr. 4 B er \u00fe\u00fd\u00f0ing hans \u00e1 lj\u00f3\u00f0in. Nr. 4 C er pistill (podcast) um Parmen\u00eddes.<\/p>\n<ol>\n<li><b>Cohen\/Curd\/Reeve:<\/b> 40-47.<\/li>\n<li><b>Ugla<\/b><b>:<\/b> Curd\/Eyj\u00f3lfur: Frumherjar gr\u00edskrar heimspeki 71-73.<\/li>\n<li><b>Shields<\/b><b>:<\/b> 13-18.<\/li>\n<li><b>\u00cdtarefni:<\/b>\n<ol>\n<li><b>Stanford<\/b><b>:<\/b><b> <\/b>Palmer <a href=\"http:\/\/plato.stanford.edu\/entries\/parmenides\/\">Parmenides<\/a>.<\/li>\n<li><b>Ugla:<\/b> Palmer (\u00fe\u00fd\u00f0ing \u00e1 lj\u00f3\u00f0i Parmen\u00eddesar).<\/li>\n<li><strong>Adamson:<\/strong> <a href=\"http:\/\/www.historyofphilosophy.net\/parmenides\">Parmen\u00eddes<\/a>.<\/li>\n<\/ol>\n<\/li>\n<\/ol>\n","protected":false},"excerpt":{"rendered":"<p>Fyrsti f\u00f3kust\u00edmi vetrarins fjallar um Parmen\u00eddes, sem flestir eru samm\u00e1la um a\u00f0 s\u00e9 mikilv\u00e6gastur frumherjanna. Hann f\u00e6rir r\u00f6k fyrir \u00fev\u00ed a\u00f0 \u00ed heiminum s\u00e9 a\u00f0eins eitt, a\u00f0 fj\u00f6ldi og breyting s\u00e9u \u00f3m\u00f6guleg. E\u00f0a svo vir\u00f0ist vera og heimspekin var\u00f0 ekki &hellip; <a href=\"https:\/\/uni.hi.is\/esmari\/kennsla\/fornaldarheimspeki-hsp104g\/fornaldarheimspeki-2014\/parmenides\/\">Halda \u00e1fram a\u00f0 lesa <span class=\"meta-nav\">&rarr;<\/span><\/a><\/p>\n","protected":false},"author":414,"featured_media":0,"parent":202,"menu_order":3,"comment_status":"closed","ping_status":"closed","template":"","meta":{"footnotes":""},"class_list":["post-221","page","type-page","status-publish","hentry"],"_links":{"self":[{"href":"https:\/\/uni.hi.is\/esmari\/wp-json\/wp\/v2\/pages\/221","targetHints":{"allow":["GET"]}}],"collection":[{"href":"https:\/\/uni.hi.is\/esmari\/wp-json\/wp\/v2\/pages"}],"about":[{"href":"https:\/\/uni.hi.is\/esmari\/wp-json\/wp\/v2\/types\/page"}],"author":[{"embeddable":true,"href":"https:\/\/uni.hi.is\/esmari\/wp-json\/wp\/v2\/users\/414"}],"replies":[{"embeddable":true,"href":"https:\/\/uni.hi.is\/esmari\/wp-json\/wp\/v2\/comments?post=221"}],"version-history":[{"count":16,"href":"https:\/\/uni.hi.is\/esmari\/wp-json\/wp\/v2\/pages\/221\/revisions"}],"predecessor-version":[{"id":462,"href":"https:\/\/uni.hi.is\/esmari\/wp-json\/wp\/v2\/pages\/221\/revisions\/462"}],"up":[{"embeddable":true,"href":"https:\/\/uni.hi.is\/esmari\/wp-json\/wp\/v2\/pages\/202"}],"wp:attachment":[{"href":"https:\/\/uni.hi.is\/esmari\/wp-json\/wp\/v2\/media?parent=221"}],"curies":[{"name":"wp","href":"https:\/\/api.w.org\/{rel}","templated":true}]}}