{"id":374,"date":"2014-08-24T15:57:47","date_gmt":"2014-08-24T15:57:47","guid":{"rendered":"http:\/\/uni.hi.is\/esmari\/?page_id=374"},"modified":"2014-10-22T22:16:41","modified_gmt":"2014-10-22T22:16:41","slug":"aristoteles-edlisfraedi","status":"publish","type":"page","link":"https:\/\/uni.hi.is\/esmari\/kennsla\/fornaldarheimspeki-hsp104g\/fornaldarheimspeki-2014\/aristoteles-edlisfraedi\/","title":{"rendered":"Arist\u00f3teles: E\u00f0lisfr\u00e6\u00f0i"},"content":{"rendered":"<p><span style=\"color: #444444;font-family: Georgia, 'Bitstream Charter', serif;font-size: medium\"><span style=\"line-height: 24px\">N\u00fa sn\u00faum vi\u00f0 okkur a\u00f0 sk\u00fdringarm\u00f3deli Arist\u00f3telesar, ors\u00f6kunum fj\u00f3rum. Arist\u00f3teles greinir svo til allt \u00fat fr\u00e1 fj\u00f3rum ors\u00f6kum (forsendum, sk\u00fdringum): formi, efni, uppsprettu hreyfingar og tilgangi. \u00deetta m\u00f3del sk\u00fdrir hann best \u00ed <em>E\u00f0lisfr\u00e6\u00f0inni<\/em> en hann beitir \u00fev\u00ed mun v\u00ed\u00f0ar.\u00a0<\/span><\/span><\/p>\n<p>Textar nr. 1 og 2 eru \u00fe\u00fd\u00f0ingar \u00e1 lykiltextum um e\u00f0lisfr\u00e6\u00f0ina og orsakirnar fj\u00f3rar, nr. 3 er greining \u00e1 kenningunni og nr. 4 A er pistill um orsakirnar.<\/p>\n<ol>\n<li><strong>Cohen\/Curd\/Reeve<\/strong>: 732-64 [= Arist\u00f3teles, <em>E\u00f0lisfr\u00e6\u00f0in<\/em> I.1, 5-9; II.1-9; III.1-3;\u00a0VIII.6].<\/li>\n<li><strong>Cohen\/Curd\/Reeve<\/strong>: 765-76 [= Arist\u00f3teles, <em>Um tilur\u00f0 og ey\u00f0ingu<\/em> I.1, 3-4; II.1-5].<\/li>\n<li><strong>Shields<\/strong>: 124-140.<\/li>\n<li>\u00cdtarefni:\n<ol>\n<li><strong>Adamson<\/strong>: <a href=\"http:\/\/www.historyofphilosophy.net\/aristotle-four-causes\">Arist\u00f3teles um orsakirnar fj\u00f3rar<\/a>.<\/li>\n<li><strong>Adamson<\/strong>: <a href=\"http:\/\/www.historyofphilosophy.net\/aristotle-physics\">Arist\u00f3teles um e\u00f0lisfr\u00e6\u00f0i<\/a>.<\/li>\n<\/ol>\n<\/li>\n<\/ol>\n","protected":false},"excerpt":{"rendered":"<p>N\u00fa sn\u00faum vi\u00f0 okkur a\u00f0 sk\u00fdringarm\u00f3deli Arist\u00f3telesar, ors\u00f6kunum fj\u00f3rum. Arist\u00f3teles greinir svo til allt \u00fat fr\u00e1 fj\u00f3rum ors\u00f6kum (forsendum, sk\u00fdringum): formi, efni, uppsprettu hreyfingar og tilgangi. \u00deetta m\u00f3del sk\u00fdrir hann best \u00ed E\u00f0lisfr\u00e6\u00f0inni en hann beitir \u00fev\u00ed mun v\u00ed\u00f0ar.\u00a0 Textar &hellip; <a href=\"https:\/\/uni.hi.is\/esmari\/kennsla\/fornaldarheimspeki-hsp104g\/fornaldarheimspeki-2014\/aristoteles-edlisfraedi\/\">Halda \u00e1fram a\u00f0 lesa <span class=\"meta-nav\">&rarr;<\/span><\/a><\/p>\n","protected":false},"author":414,"featured_media":0,"parent":202,"menu_order":14,"comment_status":"closed","ping_status":"closed","template":"","meta":{"footnotes":""},"class_list":["post-374","page","type-page","status-publish","hentry"],"_links":{"self":[{"href":"https:\/\/uni.hi.is\/esmari\/wp-json\/wp\/v2\/pages\/374","targetHints":{"allow":["GET"]}}],"collection":[{"href":"https:\/\/uni.hi.is\/esmari\/wp-json\/wp\/v2\/pages"}],"about":[{"href":"https:\/\/uni.hi.is\/esmari\/wp-json\/wp\/v2\/types\/page"}],"author":[{"embeddable":true,"href":"https:\/\/uni.hi.is\/esmari\/wp-json\/wp\/v2\/users\/414"}],"replies":[{"embeddable":true,"href":"https:\/\/uni.hi.is\/esmari\/wp-json\/wp\/v2\/comments?post=374"}],"version-history":[{"count":7,"href":"https:\/\/uni.hi.is\/esmari\/wp-json\/wp\/v2\/pages\/374\/revisions"}],"predecessor-version":[{"id":540,"href":"https:\/\/uni.hi.is\/esmari\/wp-json\/wp\/v2\/pages\/374\/revisions\/540"}],"up":[{"embeddable":true,"href":"https:\/\/uni.hi.is\/esmari\/wp-json\/wp\/v2\/pages\/202"}],"wp:attachment":[{"href":"https:\/\/uni.hi.is\/esmari\/wp-json\/wp\/v2\/media?parent=374"}],"curies":[{"name":"wp","href":"https:\/\/api.w.org\/{rel}","templated":true}]}}