{"id":386,"date":"2014-08-24T16:05:11","date_gmt":"2014-08-24T16:05:11","guid":{"rendered":"http:\/\/uni.hi.is\/esmari\/?page_id=386"},"modified":"2014-10-23T10:56:59","modified_gmt":"2014-10-23T10:56:59","slug":"aristoteles-frumspeki","status":"publish","type":"page","link":"https:\/\/uni.hi.is\/esmari\/kennsla\/fornaldarheimspeki-hsp104g\/fornaldarheimspeki-2014\/aristoteles-frumspeki\/","title":{"rendered":"Arist\u00f3teles: Frumspeki"},"content":{"rendered":"<p>N\u00fa t\u00f6kum vi\u00f0 upp \u00fer\u00e1\u00f0inn fr\u00e1 fyrstu vikunni um Arist\u00f3teles og h\u00f6ldum \u00e1fram a\u00f0 fjalla um verundir, \u00fe.e. grundv\u00f6ll tilverunnar. \u00cd <em>Frumspekinni<\/em> er mun fl\u00f3knari og r\u00edkari kenning um verundir en \u00ed <em>Kv\u00edunum<\/em>. Frumspeki kallar Arist\u00f3teles l\u00edka fyrstu heimspeki og gu\u00f0f\u00e6\u00f0i, sem gefur til kynna hversu mikilv\u00e6ga hann taldi hana vera.<\/p>\n<p>Texti nr. 1 er \u00edslensk \u00fe\u00fd\u00f0ing \u00e1 fyrstu b\u00f3k <em>Frumspekinnar<\/em>, nr. 2 eru \u00fe\u00fd\u00f0ingar \u00e1 v\u00f6ldum k\u00f6flum \u00far sama verki. Nr. 3 er umfj\u00f6llun um efni\u00f0 og greining \u00e1 kenningunni. Nr. 4 A er stutt grein um \u00fer\u00f3un verufr\u00e6\u00f0i Arist\u00f3telesar fr\u00e1 <em>Kv\u00edunum<\/em> \u00ed gegnum <em>E\u00f0lisfr\u00e6\u00f0ina<\/em> og til <em>Frumspekinnar<\/em>. Nr. 4 A er \u00edtarlegri umfj\u00f6llun um frumspekina og nr. 4 B er pistill um verundir Arist\u00f3telesar.<\/p>\n<ol>\n<li>Arist\u00f3teles, <em>Frumspekin<\/em> I \u00e1samt inngangi \u00fe\u00fd\u00f0anda.<\/li>\n<li><strong>Cohen\/Curd\/Reeve<\/strong>: 809-46 [= Arist\u00f3teles, <em>Frumspekin<\/em> IV.1-3; VII.1-4, 6, 10-11,\u00a013, 15, 17; VIII 1-2, 6; XII.6-9].<\/li>\n<li><strong>Shields<\/strong>: 156-163.<\/li>\n<li>\u00cdtarefni:\n<ol>\n<li><strong>Ugla<\/strong>: Makin: Aristotle: Form, matter and substance.<\/li>\n<li><strong>Stanford<\/strong>: Cohen:\u00a0<a href=\"http:\/\/plato.stanford.edu\/entries\/aristotle-metaphysics\/\">Aristotle's Metaphysics<\/a>.<\/li>\n<li><strong>Adamson<\/strong>: <a href=\"http:\/\/www.historyofphilosophy.net\/aristotle-substance\">Verundir Arist\u00f3telesar<\/a>.<\/li>\n<\/ol>\n<\/li>\n<\/ol>\n","protected":false},"excerpt":{"rendered":"<p>N\u00fa t\u00f6kum vi\u00f0 upp \u00fer\u00e1\u00f0inn fr\u00e1 fyrstu vikunni um Arist\u00f3teles og h\u00f6ldum \u00e1fram a\u00f0 fjalla um verundir, \u00fe.e. grundv\u00f6ll tilverunnar. \u00cd Frumspekinni er mun fl\u00f3knari og r\u00edkari kenning um verundir en \u00ed Kv\u00edunum. Frumspeki kallar Arist\u00f3teles l\u00edka fyrstu heimspeki og &hellip; <a href=\"https:\/\/uni.hi.is\/esmari\/kennsla\/fornaldarheimspeki-hsp104g\/fornaldarheimspeki-2014\/aristoteles-frumspeki\/\">Halda \u00e1fram a\u00f0 lesa <span class=\"meta-nav\">&rarr;<\/span><\/a><\/p>\n","protected":false},"author":414,"featured_media":0,"parent":202,"menu_order":16,"comment_status":"closed","ping_status":"closed","template":"","meta":{"footnotes":""},"class_list":["post-386","page","type-page","status-publish","hentry"],"_links":{"self":[{"href":"https:\/\/uni.hi.is\/esmari\/wp-json\/wp\/v2\/pages\/386","targetHints":{"allow":["GET"]}}],"collection":[{"href":"https:\/\/uni.hi.is\/esmari\/wp-json\/wp\/v2\/pages"}],"about":[{"href":"https:\/\/uni.hi.is\/esmari\/wp-json\/wp\/v2\/types\/page"}],"author":[{"embeddable":true,"href":"https:\/\/uni.hi.is\/esmari\/wp-json\/wp\/v2\/users\/414"}],"replies":[{"embeddable":true,"href":"https:\/\/uni.hi.is\/esmari\/wp-json\/wp\/v2\/comments?post=386"}],"version-history":[{"count":8,"href":"https:\/\/uni.hi.is\/esmari\/wp-json\/wp\/v2\/pages\/386\/revisions"}],"predecessor-version":[{"id":548,"href":"https:\/\/uni.hi.is\/esmari\/wp-json\/wp\/v2\/pages\/386\/revisions\/548"}],"up":[{"embeddable":true,"href":"https:\/\/uni.hi.is\/esmari\/wp-json\/wp\/v2\/pages\/202"}],"wp:attachment":[{"href":"https:\/\/uni.hi.is\/esmari\/wp-json\/wp\/v2\/media?parent=386"}],"curies":[{"name":"wp","href":"https:\/\/api.w.org\/{rel}","templated":true}]}}