{"id":136,"date":"2010-05-21T07:13:42","date_gmt":"2010-05-21T07:13:42","guid":{"rendered":"http:\/\/uni.hi.is\/ghalfd\/?page_id=136"},"modified":"2021-01-02T08:43:11","modified_gmt":"2021-01-02T08:43:11","slug":"um-mig-2","status":"publish","type":"page","link":"https:\/\/uni.hi.is\/ghalfd\/um-mig-2\/","title":{"rendered":"Gu\u00f0mundur H\u00e1lfdanarson"},"content":{"rendered":"<h4><!--:de-->Uppruni og fj\u00f6lskylda<\/h4>\n<p>\u00c9g er f\u00e6ddur \u00ed Reykjav\u00edk 1. febr\u00faar 1956 og \u00f3lst upp \u00e1 Hvolsvelli, V\u00edk \u00ed M\u00fdrdal og Hellu \u00e1 Rang\u00e1rv\u00f6llum. Fa\u00f0ir minn var H\u00e1lfdan Gu\u00f0mundsson, skattstj\u00f3ri, og m\u00f3\u00f0ir Anna Margr\u00e9t Jafetsd\u00f3ttir, kennari og sk\u00f3lastj\u00f3ri. \u00c9g er kv\u00e6ntur \u00de\u00f3runni Sigur\u00f0ard\u00f3ttur, ranns\u00f3knapr\u00f3fessor vi\u00f0 handritasvi\u00f0 Stofnunar \u00c1rna Magn\u00fassonar \u00ed \u00edslenskum fr\u00e6\u00f0um, og eigum vi\u00f0 einn son, Sigur\u00f0 J\u00f3nas (f. 1979, d. 2016).<\/p>\n<h4>Menntun<\/h4>\n<p>\u00c9g lauk st\u00fadentspr\u00f3fi fr\u00e1 Menntask\u00f3lanum vi\u00f0 Hamrahl\u00ed\u00f0 \u00e1ri\u00f0 1974.<br \/>\nH\u00f3f n\u00e1m \u00ed fornleifafr\u00e6\u00f0i vi\u00f0 h\u00e1sk\u00f3lann \u00ed Lundi \u00ed Sv\u00ed\u00fej\u00f3\u00f0 hausti\u00f0 1975 og lauk \u00feremur stigum \u00fear. Flutti mig s\u00ed\u00f0an um set og h\u00f3f n\u00e1m \u00ed sagnfr\u00e6\u00f0i vi\u00f0 H\u00e1sk\u00f3la \u00cdslands \u00ed byrjun \u00e1rs 1977 og lauk BA-pr\u00f3fi \u00fea\u00f0an \u00e1ri\u00f0 1980 og cand. mag. pr\u00f3fi 1982.<\/p>\n<p>\u00c1 \u00e1runum 1982-1990 stunda\u00f0i \u00e9g n\u00e1m vi\u00f0 Cornell h\u00e1sk\u00f3la \u00ed \u00cd\u00fe\u00f6ku, Bandar\u00edkjunum, og lauk MA-pr\u00f3fi \u00e1ri\u00f0 1985 og var\u00f0i doktorsritger\u00f0 \u00e1ri\u00f0 1990. A\u00f0allei\u00f0beinandi minn \u00ed doktorsn\u00e1minu var Steven L. Kaplan (s\u00e9rfr\u00e6\u00f0ingur \u00ed franskri 18. aldars\u00f6gu), en a\u00f0rir lei\u00f0beinendur voru John H. Weiss (evr\u00f3psk f\u00e9lagssaga 19. og 20. aldar), Clive Holmes (bresk 17. og 18. aldar saga) og Davydd Greenwood (f\u00e9lagsleg mannfr\u00e6\u00f0i).<\/p>\n<h4>H\u00e1sk\u00f3lakennsla og stj\u00f3rnun<\/h4>\n<p>\u00c1 n\u00e1ms\u00e1runum \u00ed Bandar\u00edkjunum kenndi \u00e9g sem a\u00f0sto\u00f0arkennari \u00ed nokkrum n\u00e1mskei\u00f0um og sem stundakennari vi\u00f0 H\u00e1sk\u00f3la \u00cdslands vormisseri\u00f0 1987. \u00c9g var r\u00e1\u00f0inn lektor \u00ed sagnfr\u00e6\u00f0i vi\u00f0 H\u00e1sk\u00f3la \u00cdslands \u00e1ri\u00f0 1991, f\u00e9kk framgang \u00ed d\u00f3sentsstarf \u00e1ri\u00f0 1993 og pr\u00f3fessorsstarf \u00e1ri\u00f0 2000. \u00c1ri\u00f0 2012 var m\u00e9r veitt pr\u00f3fessorsstarf \u00ed nafni J\u00f3ns Sigur\u00f0ssonar til fimm \u00e1ra. \u00cd byrjun \u00e1rs 2016 t\u00f3k \u00e9g s\u00ed\u00f0an vi\u00f0 starfi forseta Hugv\u00edsindasvi\u00f0s H\u00e1sk\u00f3la \u00cdslands og gegndi \u00fev\u00ed til \u00e1rsloka 2020.<\/p>\n<p>Vi\u00f0 H\u00e1sk\u00f3la \u00cdslands hef \u00e9g kennt almenn yfirlitsn\u00e1mskei\u00f0 \u00ed \u00cdslands- og heimss\u00f6gu, m\u00e1lstofur \u00ed hugmynda- og f\u00e9lagss\u00f6gu, og valn\u00e1mskei\u00f0 um s\u00f6gu \u00fej\u00f3\u00f0ernisstefnu, \u00edhaldssemi og frj\u00e1lslyndi \u00e1 \u00cdslandi, s\u00f6gu Frakklands, fyrri heimsstyrj\u00f6ldina, o.s.frv.<\/p>\n<h4>Ranns\u00f3knir<\/h4>\n<p>S\u00ed\u00f0ustu \u00e1r hafa ranns\u00f3knir m\u00ednar einkum sn\u00faist um s\u00f6gu \u00edslenskra og evr\u00f3pskra \u00fej\u00f3\u00f0ernishugmynda \u00e1 19. og 20. \u00f6ld, en \u00e9g hef einnig skrifa\u00f0 um \u00edslenska f\u00f3lksfj\u00f6ldas\u00f6gu, s\u00f6gu sagnfr\u00e6\u00f0innar \u00e1 \u00cdslandi og doktorsritger\u00f0 m\u00edn var samanbur\u00f0arranns\u00f3kn \u00e1 myndun n\u00fat\u00edmar\u00edkja \u00ed Frakklandi og \u00cdslandi \u00e1 s\u00ed\u00f0ari hluta 19. aldar.<!--:--><\/p>\n","protected":false},"excerpt":{"rendered":"<p>Uppruni og fj\u00f6lskylda \u00c9g er f\u00e6ddur \u00ed Reykjav\u00edk 1. febr\u00faar 1956 og \u00f3lst upp \u00e1 Hvolsvelli, V\u00edk \u00ed M\u00fdrdal og Hellu \u00e1 Rang\u00e1rv\u00f6llum. Fa\u00f0ir minn var H\u00e1lfdan Gu\u00f0mundsson, skattstj\u00f3ri, og m\u00f3\u00f0ir Anna Margr\u00e9t Jafetsd\u00f3ttir, kennari og sk\u00f3lastj\u00f3ri. \u00c9g er kv\u00e6ntur \u00de\u00f3runni Sigur\u00f0ard\u00f3ttur, ranns\u00f3knapr\u00f3fessor vi\u00f0 handritasvi\u00f0 Stofnunar \u00c1rna Magn\u00fassonar \u00ed \u00edslenskum fr\u00e6\u00f0um, og eigum vi\u00f0 einn [&hellip;]<\/p>\n","protected":false},"author":152,"featured_media":371,"parent":0,"menu_order":1,"comment_status":"closed","ping_status":"closed","template":"","meta":{"footnotes":""},"class_list":["post-136","page","type-page","status-publish","has-post-thumbnail","hentry"],"_links":{"self":[{"href":"https:\/\/uni.hi.is\/ghalfd\/wp-json\/wp\/v2\/pages\/136","targetHints":{"allow":["GET"]}}],"collection":[{"href":"https:\/\/uni.hi.is\/ghalfd\/wp-json\/wp\/v2\/pages"}],"about":[{"href":"https:\/\/uni.hi.is\/ghalfd\/wp-json\/wp\/v2\/types\/page"}],"author":[{"embeddable":true,"href":"https:\/\/uni.hi.is\/ghalfd\/wp-json\/wp\/v2\/users\/152"}],"replies":[{"embeddable":true,"href":"https:\/\/uni.hi.is\/ghalfd\/wp-json\/wp\/v2\/comments?post=136"}],"version-history":[{"count":23,"href":"https:\/\/uni.hi.is\/ghalfd\/wp-json\/wp\/v2\/pages\/136\/revisions"}],"predecessor-version":[{"id":431,"href":"https:\/\/uni.hi.is\/ghalfd\/wp-json\/wp\/v2\/pages\/136\/revisions\/431"}],"wp:featuredmedia":[{"embeddable":true,"href":"https:\/\/uni.hi.is\/ghalfd\/wp-json\/wp\/v2\/media\/371"}],"wp:attachment":[{"href":"https:\/\/uni.hi.is\/ghalfd\/wp-json\/wp\/v2\/media?parent=136"}],"curies":[{"name":"wp","href":"https:\/\/api.w.org\/{rel}","templated":true}]}}