{"id":47,"date":"2010-01-12T09:34:09","date_gmt":"2010-01-12T09:34:09","guid":{"rendered":"http:\/\/skrif.hi.is\/ghalfd\/?page_id=47"},"modified":"2024-05-15T08:46:11","modified_gmt":"2024-05-15T08:46:11","slug":"ferilskra","status":"publish","type":"page","link":"https:\/\/uni.hi.is\/ghalfd\/ferilskra\/","title":{"rendered":"Ferilskr\u00e1"},"content":{"rendered":"<p><strong>Menntun<\/strong><br \/>\n1971\u20131974 Menntask\u00f3linn vi\u00f0 Hamrahl\u00ed\u00f0,<br \/>\n1974: st\u00fadentspr\u00f3f<br \/>\n1975\u20131976: Fornleifafr\u00e6\u00f0i, Lundarh\u00e1sk\u00f3la, Sv\u00ed\u00fej\u00f3\u00f0<br \/>\n\u00derj\u00fa misseri \u00ed fornleifafr\u00e6\u00f0i sem metin voru sem aukagrein til BA-pr\u00f3fs vi\u00f0 H\u00cd<br \/>\n1977\u20131982: Sagnfr\u00e6\u00f0i, H\u00e1sk\u00f3li \u00cdslands<br \/>\n1980: BA \u00ed s\u00f6gu og fornleifafr\u00e6\u00f0i<br \/>\n1982: Cand. mag. \u00ed sagnfr\u00e6\u00f0i<br \/>\n1982\u20131990: Sagnfr\u00e6\u00f0i, Cornell h\u00e1sk\u00f3la, \u00cd\u00fe\u00f6ku, Bandar\u00edkjunum<br \/>\nA\u00f0algrein: Evr\u00f3psk f\u00e9lagssaga<br \/>\nAukagreinar: Mannfr\u00e6\u00f0i, ensk saga og 19. aldar Evr\u00f3pusaga<br \/>\n1985: MA fr\u00e1 Cornell h\u00e1sk\u00f3la<br \/>\n1991: Ph.D. fr\u00e1 Cornell h\u00e1sk\u00f3la<\/p>\n<p><strong>N\u00fddoktorssta\u00f0a<\/strong><br \/>\n1990\u20131991: Ranns\u00f3knasta\u00f0a vi\u00f0 f\u00e9lagsv\u00edsindasvi\u00f0 Institute National de la Recherche Agronomique \u00ed Par\u00eds<\/p>\n<p><strong>Kennsla<\/strong><br \/>\n1985 og 1987-90: A\u00f0sto\u00f0arkennari, Cornell h\u00e1sk\u00f3li<br \/>\n1987: Stundakennari \u00ed sagnfr\u00e6\u00f0i, H\u00e1sk\u00f3li \u00cdslands<br \/>\n1991\u20131993: Lektor \u00ed sagnfr\u00e6\u00f0i vi\u00f0 H\u00e1sk\u00f3la \u00cdslands<br \/>\n1993\u20132000: D\u00f3sent \u00ed sagnfr\u00e6\u00f0i vi\u00f0 H\u00e1sk\u00f3la \u00cdslands<br \/>\n2000\u2013 : Pr\u00f3fessor \u00ed sagnfr\u00e6\u00f0i vi\u00f0 H\u00e1sk\u00f3la \u00cdslands.<\/p>\n<p><strong>Lei\u00f0beinandi doktorsnema<\/strong><br \/>\n2004 Sigr\u00ed\u00f0ur Matth\u00edasd\u00f3ttir<br \/>\n2009 Ragnhei\u00f0ur Kristj\u00e1nsd\u00f3ttir<br \/>\n2010 Unnur Birna Karlsd\u00f3ttir<br \/>\n2011 Erla Hulda Halld\u00f3rsd\u00f3ttir<br \/>\n2012 \u00d3lafur Rastrick<br \/>\n2015 Vilhelm Vilhelmsson<br \/>\n2016 Astrid Lelarge (sameiginleg gr\u00e1\u00f0a me\u00f0 Universit\u00e9 Libre de Bruxelles)<br \/>\n2018 Ionela-Maria Bogdan (sameiginleg gr\u00e1\u00f0a me\u00f0 <span class=\"st\">Universitatea Babe\u015f-Bolyai, Cluj)<br \/>\n2021 Hrafnkell L\u00e1russon<br \/>\n<\/span><\/p>\n<p><strong>Akadem\u00edsk stj\u00f3rns\u00fdsla<\/strong><br \/>\n1991\u20131992: \u00cd stj\u00f3rn Sagnfr\u00e6\u00f0istofnunar H\u00e1sk\u00f3la \u00cdslands<br \/>\n1992\u20131993: Forst\u00f6\u00f0uma\u00f0ur Sagnfr\u00e6\u00f0istofnunar, H\u00e1sk\u00f3la \u00cdslands<br \/>\n1992\u20131996: \u00cd matsnefnd Ranns\u00f3knasj\u00f3\u00f0s H\u00e1sk\u00f3la \u00cdslands \u00ed hugv\u00edsindum<br \/>\n1994\u20131999: Forma\u00f0ur Al\u00fej\u00f3\u00f0asamskiptar\u00e1\u00f0s H\u00e1sk\u00f3la \u00cdslands<br \/>\n1995\u20131999: Fulltr\u00fai \u00cdslands \u00ed stj\u00f3rnarnefnd ERASMUS-\u00e1\u00e6tlunar ESB<br \/>\n1996\u20131998: Fulltr\u00fai \u00ed fagr\u00e1\u00f0i \u00ed hug- og f\u00e9lagsv\u00edsindum, Ranns\u00f3knar\u00e1\u00f0 \u00cdslands<br \/>\n1998\u20132000: Forma\u00f0ur fagr\u00e1\u00f0s \u00ed hugv\u00edsindum, Ranns\u00f3knar\u00e1\u00f0 \u00cdslands<br \/>\n1998\u20132004: Fulltr\u00fai \u00edslenskra h\u00e1sk\u00f3la \u00ed H\u00f6gut, r\u00e1\u00f0gjafarnefnd norr\u00e6nu r\u00e1\u00f0herranefndarinnar \u00ed \u00e6\u00f0ri menntam\u00e1lum<br \/>\n1999\u20132000: Forma\u00f0ur sagnfr\u00e6\u00f0iskorar, H\u00e1sk\u00f3la \u00cdslands<br \/>\n2000\u20132006: Fulltr\u00fai \u00ed matsh\u00f3pi vegna vinnumats pr\u00f3fessora \u00e1 vegum Kjaranefndar<br \/>\n2001-2006: Forma\u00f0ur verkefnastj\u00f3rnar \u00ed fornleifum, Kristnih\u00e1t\u00ed\u00f0arsj\u00f3\u00f0i<br \/>\n2005\u20132010: Annar a\u00f0alstj\u00f3rnandi \u00f6ndvegisnetsins CLIOHRESnet, sem styrkt var af 6. ramma\u00e1\u00e6tlun ESB<br \/>\n2005\u20132009 : Me\u00f0limur \u00ed stj\u00f3rnarnefnd NHIST ranns\u00f3knarverkefnisins sem styrkt\u00a0var af\u00a0European Science Foundation<br \/>\n2006\u20132010: Me\u00f0limur \u00ed fagr\u00e1\u00f0i sem metur ums\u00f3knir \u00ed ESF-EUROCORES \u00e1\u00e6tluninni \u201eInventing Europe\u201c<br \/>\n2006\u20132007: Fulltr\u00fai \u00ed nefnd \u00e1 vegum menntam\u00e1lar\u00e1\u00f0uneytis sem samdi n\u00fd \u00fej\u00f3\u00f0minjal\u00f6g, safnal\u00f6g og l\u00f6g um skil \u00e1 forminjum<br \/>\n2007: Sat \u00ed fagr\u00e1\u00f0i vegna ums\u00f3kna \u00ed 7. ramma\u00e1\u00e6tlun ESB, 8.2.1 Histories and Identities \u2013 articulating national and European identities<br \/>\n2007: Sat fagr\u00e1\u00f0i sem mat ums\u00f3knir \u00ed norr\u00e6nu ranns\u00f3knar\u00e1\u00e6tlunina \u201e Nordic Spaces: Formation of States, Societies and Regions, Cultural Encounters, and Idea and Identity Production in Northern Europe after 1800\u201c<br \/>\n2008\u20132010: Forma\u00f0ur n\u00e1msbrautar \u00ed sagnfr\u00e6\u00f0i<br \/>\n2009\u20132010: \u00cd stj\u00f3rn verkefnisins \u201cUniversity jubilees in Northern Europe: more than occasions to commemorate their own glorious past?\u201d sem styrkt er af NOS-HS<br \/>\n2009\u20132011: Einn \u00feriggja a\u00f0alstj\u00f3rnenda verkefnisins CLIOH-WORLD sem styrkt er af Life-Long-Learning \u00e1\u00e6tlun ESB.<br \/>\n2012\u20132013: Sat \u00ed al\u00fej\u00f3\u00f0legu fagr\u00e1\u00f0i vegna ums\u00f3kna hj\u00e1 Riksbankens Jubileum Fond \u00ed Stokkh\u00f3lmi<br \/>\n2014\u20132015: Deildarforseti Sagnfr\u00e6\u00f0i- og heimspekideildar<br \/>\n2014\u20132015: Fulltr\u00fai rektors \u00ed valnefndum \u00e1 F\u00e9lagsv\u00edsinda-, Hugv\u00edsinda- og Menntav\u00edsindasvi\u00f0i.2014\u2013: Forma\u00f0ur stj\u00f3rnar H\u00e1sk\u00f3la\u00fatg\u00e1funnar.<br \/>\n2014\u20132017: Annar a\u00f0alstj\u00f3rnenda ranns\u00f3knarverkefnisins \"The Untold Story. An Oral History of the Roma People in Romania\" (UnToRo) sem styrkt er af EEA-Structural Fund.<br \/>\n2016\u20132020: Forseti Hugv\u00edsindasvi\u00f0s H\u00e1sk\u00f3la \u00cdslands<br \/>\n2017- : Forma\u00f0ur stj\u00f3rnar Al\u00fej\u00f3\u00f0am\u00e1lastofnunar H\u00e1sk\u00f3la \u00cdslands<br \/>\n2019-2020: Forma\u00f0ur Fornminjanefndar<br \/>\n2020- : Forma\u00f0ur r\u00e1\u00f0gefandi nefndar um Ranns\u00f3knasetur H\u00e1sk\u00f3la \u00cdslands<br \/>\n2020- : Fulltr\u00fai H\u00e1sk\u00f3la \u00cdslands \u00ed stj\u00f3rn Landsb\u00f3kasafns-H\u00e1sk\u00f3lab\u00f3kasafns<br \/>\n2021: Forma\u00f0ur nefndar sem t\u00f3k \u00fat ranns\u00f3knir vi\u00f0 hugv\u00edsindasvi\u00f0 h\u00e1sk\u00f3lans \u00ed Turku<br \/>\n2021- : Fulltr\u00fai \u00ed stj\u00f3rn matskerfis opinberu h\u00e1sk\u00f3lanna<br \/>\n2022- : Fulltr\u00fai \u00ed stj\u00f3rn Innvi\u00f0asj\u00f3\u00f0s<br \/>\n2022-2024: Fulltr\u00fai \u00edslenskra h\u00e1sk\u00f3la \u00ed nefnd sem skipulag\u00f0i styrk\u00e1\u00e6tlun NORDFORSK um samstarf h\u00e1sk\u00f3la (University Cooperation) og valdi \u00far ums\u00f3knum<br \/>\n2023- : Forma\u00f0ur Hrafnseyrarnefndar<\/p>\n<p><strong>Ritstj\u00f3rn<br \/>\n<\/strong>2005\u20132009: Einn af fimm ritstj\u00f3rum <em>Scandinavian Journal of History<br \/>\n<\/em>2005\u20132010: Einn af \u00feremur ritstj\u00f3rum \u00feriggja ritra\u00f0a CLIOHRES \u00f6ndvegisnetsins<br \/>\n2010-2015: A\u00f0alritstj\u00f3ri <em>Scandinavian Journal of History<\/em><\/p>\n","protected":false},"excerpt":{"rendered":"<p>Menntun 1971\u20131974 Menntask\u00f3linn vi\u00f0 Hamrahl\u00ed\u00f0, 1974: st\u00fadentspr\u00f3f 1975\u20131976: Fornleifafr\u00e6\u00f0i, Lundarh\u00e1sk\u00f3la, Sv\u00ed\u00fej\u00f3\u00f0 \u00derj\u00fa misseri \u00ed fornleifafr\u00e6\u00f0i sem metin voru sem aukagrein til BA-pr\u00f3fs vi\u00f0 H\u00cd 1977\u20131982: Sagnfr\u00e6\u00f0i, H\u00e1sk\u00f3li \u00cdslands 1980: BA \u00ed s\u00f6gu og fornleifafr\u00e6\u00f0i 1982: Cand. mag. \u00ed sagnfr\u00e6\u00f0i 1982\u20131990: Sagnfr\u00e6\u00f0i, Cornell h\u00e1sk\u00f3la, \u00cd\u00fe\u00f6ku, Bandar\u00edkjunum A\u00f0algrein: Evr\u00f3psk f\u00e9lagssaga Aukagreinar: Mannfr\u00e6\u00f0i, ensk saga og 19. aldar [&hellip;]<\/p>\n","protected":false},"author":152,"featured_media":0,"parent":0,"menu_order":2,"comment_status":"closed","ping_status":"closed","template":"","meta":{"footnotes":""},"class_list":["post-47","page","type-page","status-publish","hentry"],"_links":{"self":[{"href":"https:\/\/uni.hi.is\/ghalfd\/wp-json\/wp\/v2\/pages\/47","targetHints":{"allow":["GET"]}}],"collection":[{"href":"https:\/\/uni.hi.is\/ghalfd\/wp-json\/wp\/v2\/pages"}],"about":[{"href":"https:\/\/uni.hi.is\/ghalfd\/wp-json\/wp\/v2\/types\/page"}],"author":[{"embeddable":true,"href":"https:\/\/uni.hi.is\/ghalfd\/wp-json\/wp\/v2\/users\/152"}],"replies":[{"embeddable":true,"href":"https:\/\/uni.hi.is\/ghalfd\/wp-json\/wp\/v2\/comments?post=47"}],"version-history":[{"count":20,"href":"https:\/\/uni.hi.is\/ghalfd\/wp-json\/wp\/v2\/pages\/47\/revisions"}],"predecessor-version":[{"id":517,"href":"https:\/\/uni.hi.is\/ghalfd\/wp-json\/wp\/v2\/pages\/47\/revisions\/517"}],"wp:attachment":[{"href":"https:\/\/uni.hi.is\/ghalfd\/wp-json\/wp\/v2\/media?parent=47"}],"curies":[{"name":"wp","href":"https:\/\/api.w.org\/{rel}","templated":true}]}}