{"id":49,"date":"2010-01-12T09:38:02","date_gmt":"2010-01-12T09:38:02","guid":{"rendered":"http:\/\/skrif.hi.is\/ghalfd\/?page_id=49"},"modified":"2024-09-04T09:47:29","modified_gmt":"2024-09-04T09:47:29","slug":"ritaskra","status":"publish","type":"page","link":"https:\/\/uni.hi.is\/ghalfd\/ritaskra\/","title":{"rendered":"Ritaskr\u00e1"},"content":{"rendered":"<h4>B\u00e6kur<\/h4>\n<ul>\n<li><em>\u00cdslensk \u00fej\u00f3\u00f0f\u00e9lags\u00fer\u00f3un, 1880\u20131990. Ritger\u00f0ir<\/em>. Ritstj\u00f3rar Gu\u00f0mundur H\u00e1lfdanarson og Svanur Kristj\u00e1nsson. Reykjav\u00edk: F\u00e9lagsv\u00edsindastofnun og Sagnfr\u00e6\u00f0istofnun, 1993.<\/li>\n<li><em>Historical Dictionary of Iceland<\/em>. Lanham, Md.: Scarecrow Press, 1997. European Historical Dictionaries, 24.<\/li>\n<li><em>\u00cdslenska \u00fej\u00f3\u00f0r\u00edki\u00f0 \u2013 uppruni og endim\u00f6rk<\/em>. Reykjav\u00edk: Hi\u00f0 \u00edslenska b\u00f3kmenntaf\u00e9lag og Reykjav\u00edkurAkadem\u00edan, 2001.<\/li>\n<li><em>Nations and Nationalities in Historical Perspective<\/em>. Ritstj\u00f3rar Gu\u00f0mundur H\u00e1lfdanarson og Ann-Katherine Isaacs. P\u00edsa: Edizioni Plus, 2001.<\/li>\n<li>Lennart Berntson, Gu\u00f0mundur H\u00e1lfdanarson og Henrik Jensen. <em>Europa 1800\u20132000<\/em>. Fredriksberg: Roskilde Universitets Forlag, 2003.<\/li>\n<li><em>Racial Discrimination and Ethnicity in European History<\/em>. Ritstj\u00f3ri Gu\u00f0mundur H\u00e1lfdanarson. P\u00edsa: Edizioni Plus, 2003.<\/li>\n<li>Lennart Berntson, Gu\u00f0mundur H\u00e1lfdanarson og Henrik Jensen. <em>Tusen \u00e5r i Europa<\/em>, 4. bd. <em>1800\u20132000<\/em>. Lundur:\u00a0Historiska Media,\u00a02004.<\/li>\n<li><em>Citizenship in Historical Perspective<\/em>. Ritstj\u00f3rar Gu\u00f0mundur H\u00e1lfdanarson, Ann-Katherine Isaacs og Steven G. Ellis. P\u00edsa: Edizoni Plus, 2006.<\/li>\n<li><em>\u03a4\u03b1\u0388\u03b8\u03bd\u03b7-\u039a\u03c1\u03ac\u03c4\u03b7 \u03c3\u03c4\u03b7\u03bd \u0395\u03c5\u03c1\u03c9\u03b7\u03b1\u03ca\u03ba\u03ae \u0399\u03c3\u03c4\u03bf\u03c1\u03af\u03b1<\/em>. Ritsj\u00f3rar Gu\u00f0mundur H\u00e1lfdanarson og Ann-Katherine Isaacs. A\u00feena, 2006.<\/li>\n<li><em>\u03a6\u03c5\u03bb\u03b5\u03c4\u03b9\u03ba\u03ad\u03c2 \u03b4\u03b9\u03b1\u03ba\u03c1\u03af\u03c3\u03b5\u03c2 \u03c3\u03c4\u03b7\u03bd \u0395\u03c5\u03c1\u03c9\u03c0\u03b1\u03ca\u03ba\u03ae \u0406\u03c3\u03c4\u03bf\u03c1\u03af\u03b1<\/em>. Ritstj\u00f3ri Gu\u00f0mundur H\u00e1lfdanarson. A\u00feena, 2006.<\/li>\n<li><em>Historical Dictionary of Iceland<\/em>, 2. \u00fatg. Historical Dictionaries of Europe, 66. Lanham, MD: Scarecrow Press, 2008.<\/li>\n<li><em>Discrimination and Tolerance in Historical Perspective<\/em>. Ritstj\u00f3ri Gu\u00f0mundur H\u00e1lfdanarson. P\u00edsa: Edizoni Plus, 2008.<\/li>\n<li><em>The A to Z of Iceland<\/em>, The A\u00a0to Z Guide Series, nr. 229. Lanham MD: Scarecrow Press, 2010 (endur\u00fatg\u00e1fa \u00e1 Historical Dictionaries of Europe, 66).<\/li>\n<li><em>\u03a0\u03bf\u03bb\u03b9\u03c4\u03b5 \u03a3\u03c4\u03b7\u03bd \u0395\u03c5\u03c1\u03c9\u03c0\u03b7<\/em>. Ritstj\u00f3rar Steven G. Ellis, Gu\u00f0mundur H\u00e1lfdanarson og Ann Katherine Isaacs. A\u00feena: \u0395\u03c0\u03b9\u03ba\u03b5\u03bd\u03c4\u03c1\u03bf, 2010.<\/li>\n<li><em>Devoloping EU-Turkey Dialogue: A CLIOHWORLD Reader<\/em>. Ritstj\u00f3rar Gu\u00f0mundur H\u00e1lfdanarson og Hatice Sofu. P\u00edsa: Edizoni Plus, 2010.<\/li>\n<li>Gu\u00f0mundur H\u00e1lfdanarson, Magn\u00fas Gu\u00f0mundsson og Sigr\u00ed\u00f0ur Matth\u00edasd\u00f3ttir, <em>Aldarsaga H\u00e1sk\u00f3la \u00cdslands 1911-2011.<\/em> Gunnar Karlsson ritstj. Reykjav\u00edk: H\u00e1sk\u00f3la\u00fatg\u00e1fan, 2011.<\/li>\n<li><a href=\"https:\/\/link.springer.com\/book\/10.1007\/978-3-031-13694-8\"><em>Europe in the Age of Post-Truth Politics: Populism, Disinformation and the Public Sphere<\/em><\/a>. Ritstj\u00f3rar Maximilian Conrad, Gu\u00f0mundur H\u00e1lfdanarson, Asimina Michailidou, Charlotte Galpin og Niko Pyrh\u00f6nen (Cham: Palgrave Macmillan, 2023).<\/li>\n<\/ul>\n<h4>Greinar \u00ed ritr\u00fdndum t\u00edmaritum<\/h4>\n<ul>\n<li>\u201e<a href=\"https:\/\/timarit.is\/page\/5276772#page\/n121\/mode\/2up\">B\u00f6rn \u2014 h\u00f6fu\u00f0st\u00f3ll f\u00e1t\u00e6klingsins?<\/a>\u201c <em>Saga<\/em> 24 (1986), bls. 121-146.<\/li>\n<li>\u201eTakm\u00f6rkun giftinga e\u00f0a einstaklingsfrelsi: \u00cdhaldssemi og frj\u00e1lslyndi \u00e1 fyrstu \u00e1rum hins endurreista al\u00feingis,\u201c <em>T\u00edmarit M\u00e1ls og menningar<\/em> 47 (n\u00f3v. 1986), bls. 457-468.<\/li>\n<li>\u201eFrelsi er ekki sama og frj\u00e1lshyggja,\u201c <em>N\u00fd saga<\/em> 3 (1989), bls. 4-11.<\/li>\n<li>\u201eVer\u00f0i lj\u00f3s! Af bar\u00e1ttu uppl\u00fdsingarmanna vi\u00f0 myrkramenn og lj\u00f3shatara,\u201c <em>Sk\u00edrnir<\/em> 166 (vor 1992), bls. 194-210.<\/li>\n<li>\u201e\u201e<a href=\"https:\/\/timarit.is\/page\/5278898#page\/n7\/mode\/2up\">Kemur s\u00fdslumanni [\u00fea\u00f0] nokku\u00f0 vi\u00f0 \u2026?<\/a>\u201c Um \u00fer\u00f3un r\u00edkisvalds \u00e1 \u00cdslandi \u00e1 19. \u00f6ld,\u201c <em>Saga<\/em> 31 (1993), bls. 7-31.<\/li>\n<li>\u201e<a href=\"https:\/\/timarit.is\/page\/5279060#page\/n169\/mode\/2up\">Biskupas\u00f6gur hinar n\u00fdju. Um \u00e6vis\u00f6gur fj\u00f6gurra stj\u00f3rnm\u00e1lamanna<\/a>,\u201c <em>Saga<\/em> 31 (1993), bls. 169-190.<\/li>\n<li>\u201eSocial Distinctions and National Unity: On Politics of Nationalism in Nineteenth-Century Iceland,\u201c <em>History of European Ideas<\/em> 21 (6, November 1995), bls. 763-79.<\/li>\n<li>\u201e\u00cdslensk s\u00f6guendursko\u00f0un,\u201c <em>Saga<\/em> 33 (1995), bls. 62-67 [endurprentu\u00f0 me\u00f0 l\u00edtilsh\u00e1ttar breytingum \u00ed Loftur Guttormsson o. fl. ritstj., \u00cdslenskir <em>sagnfr\u00e6\u00f0ingar<\/em>, seinna bindi, Vi\u00f0horf of ranns\u00f3knir (Reykjav\u00edk: M\u00e1l og mynd, 2002), bls. 131\u2013134].<\/li>\n<li>\u201eHva\u00f0 gerir \u00cdslendinga a\u00f0 \u00fej\u00f3\u00f0? Nokkrar huglei\u00f0ingar um uppruna og e\u00f0li \u00fej\u00f3\u00f0ernis,\u201c <em>Sk\u00edrnir<\/em> 170 (vor 1996), bls. 7-31.<\/li>\n<li>\u201e\u00dej\u00f3\u00f0hetjan J\u00f3n Sigur\u00f0sson,\u201c <em>Andvari<\/em>, 122, n\u00fdr flokkur XXXIX, (1997), bls. 40-62.<\/li>\n<li>\u201eFullveldi fagna\u00f0,\u201c <em>N\u00fd saga<\/em> 10 (1998), bls. 57-65.<\/li>\n<li>\u201eDefining the Modern Citizen: Debates on Civil and Political Elements of Citizenship in Nineteenth-Century Iceland,\u201c <em>Scandinavian Journal of History<\/em> 24 (1999), bls. 103-116.<\/li>\n<li>\u201eHver \u00e1 s\u00e9r fegra f\u00f6\u00f0urland: Sta\u00f0a n\u00e1tt\u00farunnar \u00ed \u00edslenskri \u00fej\u00f3\u00f0ernisvitund,\u201c <em>Sk\u00edrnir<\/em> 173 (1999), bls. 304-336.<\/li>\n<li>\u201eGu\u00f0fe\u00f0ur \u00edslensks flokkakerfis. J\u00f3n \u00deorl\u00e1ksson, J\u00f3nas fr\u00e1 Hriflu og stj\u00f3rnm\u00e1lahugsj\u00f3nir n\u00fdrra t\u00edma,\u201c <em>Andvari<\/em> 124, n\u00fdr flokkur XLI, (1999), bls. 79-102.<\/li>\n<li>\u201eIceland: A Peaceful Secession\u201c, <em>Scandinavian Journal of History<\/em> 25 (2000), bls. 87\u2013100.<\/li>\n<li>\u201e\u00deingvellir: An Icelandic \u201cLieu de M\u00e9moire\u201d\u201c, <em>History and Memory<\/em> 12 (1, 2000), bls. 4\u201329.<\/li>\n<li>\u201eRanns\u00f3knir \u00ed menningar- og hugmyndas\u00f6gu 19. og 20. aldar\u201c, <em>Saga<\/em> 38 (2000), bls. 187-205.<\/li>\n<li>\u00c1samt Lofti Guttormssyni og \u00d3l\u00f6fu Gar\u00f0arsd\u00f3ttur, \u201e<a href=\"https:\/\/timarit.is\/page\/5281944#page\/n51\/mode\/2up\">Ungbarna- og barnadau\u00f0i \u00e1 \u00cdslandi 1771-1950: nokkrar ranns\u00f3knarni\u00f0urst\u00f6\u00f0ur<\/a>,\u201c <em>Saga<\/em> 39 (2001), bls. 51\u2013107.<\/li>\n<li>\u201e<a href=\"https:\/\/timarit.is\/page\/5324642#page\/n165\/mode\/2up\">Hva\u00f0 er (\u00f3)e\u00f0li?<\/a>\u201c, <em>Saga<\/em> 41 (1, 2003), bls. 165-173.<\/li>\n<li>\u201eHandritam\u00e1li\u00f0 \u2013 endalok \u00edslenskrar sj\u00e1lfst\u00e6\u00f0isbar\u00e1ttu?\u201c <em>Gripla<\/em> 14 (2003), bls. 175\u2013196.<\/li>\n<li>\u201e<a href=\"https:\/\/timarit.is\/page\/5357842#page\/n69\/mode\/2up\">Sala Sk\u00e1lholtsjar\u00f0a. Fyrsta uppbo\u00f0 r\u00edkiseigna \u00e1 \u00cdslandi, 1785\u20131798<\/a>,\u201c <em>Saga<\/em> 43 (2, 2005), bls. 71\u201397.<\/li>\n<li>\u201eFrom One, to Two, to Five: On the break-up of political unions in the Nordic region,\u201c <em>Scandinavian Journal of History<\/em> 31 (3\u20134, 2006), bls. 201\u2013204.<\/li>\n<li>\u201eSevering the Ties \u2013 Iceland\u2019s Journey from a Union with Denmark to a Nation-State,\u201c <em>Scandinavian Journal of History<\/em> 31 (3\u20134, 2006), bls. 237\u2013254.<\/li>\n<li>\u201eUdvikilng af national identitet i Island,\u201c <em>Udenrigs <\/em>61 (2, 2006), bls. 21\u201335.<\/li>\n<li>\u201eFrom Dependence to Sovereignty : The Two Sides of the Icelandic Struggle for Independence,\u201c <em>Revue d\u2019histoire Nordique \u2013 Nordic Historical Review<\/em> 3 (apr\u00edl 2007), bls. 113\u2013127.<\/li>\n<li>\u201e\u2018Leirsk\u00e1ldunum \u00e1 ekkji a\u00f0 vera v\u00e6rt\u2018. Um \u00fej\u00f3\u00f0lega menningu og \u00edslenska endurreisn,\u201c <em>Sk\u00edrnir<\/em> 181 (haust, 2007), bls. 327\u2013340.<\/li>\n<li>\u201e<a href=\"https:\/\/timarit.is\/page\/7002480#page\/n43\/mode\/2up\">T\u00f3mas S\u00e6mundsson \u2013 tr\u00fa, sannleikur, f\u00f6\u00f0urland<\/a>,\u201c <em>Saga<\/em> 45 (haust, 2007), bls. 45\u201370.<\/li>\n<li>\u201eEn gl\u00e6mt union: Island og opl\u00f8sningen af den danske helstat,\u201c <em>Noter<\/em> nr. 178 (sept. 2008), bls. 11\u201317.<\/li>\n<li>\u201e<a href=\"https:\/\/timarit.is\/page\/7002850#page\/n157\/mode\/2up\">Hver erum vi\u00f0? Um \u201eokkur\u201c, \u201ehin\u201c, Icesave og \u00e1byrg\u00f0 \u00fej\u00f3\u00f0ar<\/a>\u201c, <em>Saga<\/em> XLVII:2 (2009), bls. 158\u2013174.<\/li>\n<li>\u201eWhy a <em>Scandinavian Journal of History<\/em>?\u201c, <em>Scandinavian Journal of History <\/em>35\/1 (2010), bls. 1\u20132.<\/li>\n<li>\u201eSagan og sj\u00e1lfsmynd \u00fej\u00f3\u00f0ar\u201c, <em>Gl\u00edman<\/em> 7 (2010), bls. 113-135.<\/li>\n<li>\u201e<a href=\"https:\/\/timarit.is\/page\/6498638#page\/n23\/mode\/2up\">Evr\u00f3pusamruninn og \u00fej\u00f3\u00f0r\u00edkin<\/a>\u201c, <em>Riti\u00f0 <\/em>11:3 (2011), bls. 25-47.<\/li>\n<li>\u201eThe Occupation Years \u2013 Documenting a forgotten war\u201c, <i>Journal of Scandinavian Cinema<\/i> 2 (2012), bls. 249\u2013255.<\/li>\n<li>\u201e<a href=\"https:\/\/timarit.is\/page\/7588752#page\/n43\/mode\/2up\">Var \u00cdsland n\u00fdlenda?<\/a>\u201d, <i>Saga<\/i> 52:1 (2014), bls. 42\u201375.<\/li>\n<li>(Me\u00f0 J\u00f3ni Karli Helgasyni) \u201e\u00cdmyndarvandi \u00fej\u00f3\u00f0arp\u00fakans. Um ranns\u00f3knir Kristj\u00e1ns J\u00f3hanns J\u00f3nssonar \u00e1 Gr\u00edmi Thomsen\u201c. <em>Sk\u00edrnir<\/em> 189, vor (2015), bls. 142\u2013164.<\/li>\n<li>\u201e'Are You Leaving, My Dear Friend!' Iceland in the Time of Immigration to America\u201c, <em>Mormon Historical Studies<\/em>. 17:1-2 (2016), bls. 243\u2013261.<\/li>\n<li>\u201e\u201e<a href=\"https:\/\/timarit.is\/page\/7589984#page\/n29\/mode\/2up\">Fyrir \u00cdsland og \u00cdslendinga<\/a>\u201c\u201c, <em>Saga<\/em> 55:1 (2017), bls. 28-33.<strong><br \/>\n<\/strong><\/li>\n<li>\u201e\u201aAdskillelse vil betyde Islands \u00d8del\u00e6ggelse\u2018: islandsk selvst\u00e6ndighedspolitik og adskillelse fra Det danske Rige\u201c, <em>Politica<\/em> 51:4 (2019), bls. 423\u2013440.<\/li>\n<li>\u201eAlheimsb\u00f3kasafn?\u201c, <em>Saga <\/em>58:1 (2020), bls. 27\u201332.<\/li>\n<li><em>\u201eSaga<\/em> \u2013 fr\u00e1 fr\u00f3\u00f0leik til eiginlegrar sagnaritunar\u201c, <em>Saga <\/em>60:2 (2022), bls. 18\u201324.<\/li>\n<li>\u00c1samt Simon Halink, \u201eAndm\u00e6li vi\u00f0 doktorsv\u00f6rn Braga \u00deorgr\u00edms \u00d3lafssonar\u201c, <em>Saga<\/em> 60:2 (2022), bls. 181\u2013196.<\/li>\n<li>\u00c1samt Claudia Wieners, \u201eMore poison than words can describe\u201c: what did people die of after the 1783 Laki eruption in Iceland?, <em>Natural Hazards and Earth System Sciences<\/em>, 24:9 (2024), bls. 2971\u20132994 (doi:<a href=\"https:\/\/doi.org\/10.5194\/nhess-24-2971-2024\"> https:\/\/doi.org\/10.5194\/nhess-24-2971-2024<\/a>)<\/li>\n<\/ul>\n<h4>Greinar \u00ed \u00f3ritr\u00fdndum fr\u00e6\u00f0iritum<\/h4>\n<ul>\n<li>\u201eKalt str\u00ed\u00f0. Samskipti f\u00e9lagsfr\u00e6\u00f0i og s\u00f6gu,\u201c <em>Sagnir<\/em> 14 (1993), bls. 11-13.<\/li>\n<li>\u201eFer\u00f0 til fullveldis,\u201c <em>Sagnir<\/em> 15 (1994), bls. 50-54.<\/li>\n<li>\u201e<a href=\"http:\/\/web.archive.org\/web\/20070630100214\/http:\/\/vefnir.bok.hi.is\/greinar\/gumhalf.htm\">Sta\u00f0a ranns\u00f3kna \u00e1 svi\u00f0i 18. aldar fr\u00e6\u00f0a: Sagnfr\u00e6\u00f0i,<\/a>\u201c <em>Vefnir. T\u00edmarit F\u00e9lags um \u00e1tj\u00e1ndu aldar fr\u00e6\u00f0i<\/em> 1(apr\u00edl 1998).<\/li>\n<li>\u201e\u00cdmyndir \u2013 sj\u00e1lfsmyndir: Hvernig mynda \u00fej\u00f3\u00f0ir s\u00e9r s\u00f6gusko\u00f0un?\u201c <em>Sagnir 29 <\/em>(2009), bls. 6-7.<strong>\u00a0<\/strong><\/li>\n<\/ul>\n<h4>B\u00f3kakaflar<\/h4>\n<ul>\n<li>\u201eMannfall \u00ed M\u00f3\u00f0uhar\u00f0indum,\u201c \u00ed G\u00edsli \u00c1g. Gunnlaugsson, ritstj., Skaft\u00e1reldar <em>1783-1784. Ritger\u00f0ir og heimildir<\/em> (Reykjav\u00edk: M\u00e1l og menning, 1984), bls. 139-162.<\/li>\n<li>\u201eA\u00f0dragandi i\u00f0nbyltingar \u00e1 19. \u00f6ld,\u201c \u00ed Gu\u00f0mundur J\u00f3nsson, ritstj., <em>I\u00f0nbylting \u00e1 \u00cdslandi. Umsk\u00f6pun atvinnul\u00edfs um 1880 til 1940<\/em> (Reykjav\u00edk: Sagnfr\u00e6\u00f0istofnun H\u00e1sk\u00f3la \u00cdslands, 1987), bls. 24-32.<\/li>\n<li>\u201e\u00cdslensk \u00fej\u00f3\u00f0f\u00e9lags\u00fer\u00f3un \u00e1 19. \u00f6ld,\u201c \u00ed Gu\u00f0mundur H\u00e1lfdanarson og Svanur Kristj\u00e1nsson, ritstj., <em>\u00cdslensk \u00fej\u00f3\u00f0f\u00e9lags\u00fer\u00f3un 1880-1990<\/em>. Ritger\u00f0ir (Reykjav\u00edk: F\u00e9lagsv\u00edsindastofnun og Sagnfr\u00e6\u00f0istofnun H.\u00cd., 1993), bls. 9-58.<\/li>\n<li>\u201eEr \u00edslensk s\u00f6guendursko\u00f0un \u00fatflutningsh\u00e6f?\u201c \u00cd El\u00edn B\u00e1ra Magn\u00fasd\u00f3ttir og \u00dalfar Bragason, ritstj. <em>\u00cdmynd \u00cdslands<\/em> (Reykjav\u00edk: Stofnun Sigur\u00f0ar Nordals, 1994), bls. 93-105. (Sm\u00e1rit Stofnunar Sigur\u00f0ar Nordals 1).<\/li>\n<li>\u201e\u00deingvellir og \u00edslenskt \u00fej\u00f3\u00f0erni,\u201c \u00ed Anna Agnarsd\u00f3ttir, P\u00e9tur P\u00e9tursson og Torfi Tulinius, ritstj., <em>Milli himins og jar\u00f0ar. Ma\u00f0ur, gu\u00f0 og menning \u00ed hnotskurn hugv\u00edsinda<\/em>, Reykjav\u00edk, H\u00e1sk\u00f3la\u00fatg\u00e1fan, 1997, bls. 405-413.<\/li>\n<li>\u201e\u00dej\u00f3\u00f0 og minningar\u201c, <em>\u00cdslenska s\u00f6gu\u00feingi\u00f0 28.-31. ma\u00ed 1997. R\u00e1\u00f0stefnurit<\/em> 1. bd. (Reykjav\u00edk: Sagnfr\u00e6\u00f0istofnun H.\u00cd. og Sagnfr\u00e6\u00f0inga\u00acf\u00e9lag \u00cdslands, 1998), bls. 354-355.<\/li>\n<li><em>Den Store Danske Encyclop\u00e6di<\/em>, a\u00f0alritstj. J\u00f8rn Lund. Kaupmannah\u00f6fn, Danmarks national leksikon. 6. bd., 1996: \u201eFinnbogad\u00f3ttir, Vigd\u00eds,\u201c og \u201eFolkealliancen.\u201c 7. bd., 1997: \u201eFremskridtspartiet,\u201c \u201eG\u00e1sar,\u201c \u201eG\u00edslason, Gylfi \u00de.,\u201c og \u201eGr\u00edmsson, \u00d3lafur Ragnar.\u201c 8. bd., 1997: \u201eGr\u00f6ndal, Benedikt,\u201c \u201eGu\u00f0mundsson, Valt\u00fdr,\u201c \u201eGuttormsson, Hj\u00f6rleifur,\u201c \u201eHafnarfj\u00f6r\u00f0ur,\u201c \u201eHafstein, Hannes,\u201c \u201eHafstein, J\u00f3hann,\u201c \u201eHallgr\u00edmsson, Geir,\u201c \u201eHermannsson, Steingr\u00edmur,\u201c \u201eHl\u00ed\u00f0arendi,\u201c og \u201eH\u00f3lar.\u201c 9. bd., 1997: \u201eIsland: politiske partier,\u201c \u201eIsland: Historie,\u201c og \u201eIslands socialdemokratiske parti.\u201c 10. bd. 1998: \u201eJ\u00f3hannesson, \u00d3lafur,\u201c \u201eJ\u00f3nasson, Hermann,\u201c \u201eJ\u00f3nsson, Bj\u00f6rn,\u201c \u201eJ\u00f3nsson, J\u00f3nas,\u201c \u201eKeflav\u00edk.\u201c 11. bd. 1998: \u201eDet islandske kvindeparti,\u201c \u201elandnam.\u201c 12. bd., 1998: Magn\u00fasson, J\u00f3n; Magn\u00fasson, Sk\u00fali. 13. bd. 1999: Michael. 14. bd. 1999: \u00d3lafsson, \u00c1rni; \u00d3lafsson, Arnlj\u00f3tur; \u00d3lafsson, Eggert; P\u00e1lsson, \u00d6gmundur. 16. bd. \u201eReykholt\u201c, \u201eReykjav\u00edk, historie\u201c. 17. bd. \u201eS\u00f3s\u00edalistaflokkurinn\u201c, \u201eSkule B\u00e5rdsson\u201c, \u201eSk\u00e1lholt\u201c, \u201eSkallagr\u00edmsson, Egil\u201c, \u201eSigur\u00f0sson, J\u00f3n\u201c, \u201eSj\u00e1lfst\u00e6\u00f0isflokkurinn\u201c. 18. bindi: \u201eStephensen, Magn\u00fas,\u201c \u201eStephensen, Magn\u00fas,\u201c \u201eStef\u00e1nsson, Stef\u00e1n J\u00f3hann.\u201c 19. bindi: \u201e\u00deingvellir\u201c; \u201e\u00de\u00f3r\u00f0arson, Bj\u00f6rn\u201c, \u201e\u00de\u00f3r\u00f0arson, \u00deorleifur\u201c, \u201e\u00de\u00f3r\u00f0r kakali\u201c, \u201eThoroddsen, Gunnar\u201c, \u201eThoroddsen, Sk\u00fali\u201c, \u201eThors, \u00d3lafur\u201c.<\/li>\n<li>\u00c1samt Lofti Guttormssyni og \u00d3l\u00f6fu Gar\u00f0arsd\u00f3ttur, \u201eInngangur,\u201c \u00ed G\u00edsli \u00c1g\u00fast Gunnlaugsson, <em>Saga og samf\u00e9lag. \u00de\u00e6ttir \u00far f\u00e9lagss\u00f6gu 19. og 20. aldar<\/em>. Ritstj\u00f3rn Gu\u00f0mundur H\u00e1lfdanarson, Loftur Guttormsson, \u00d3l\u00f6f Gar\u00f0arsd\u00f3ttir. Reykjav\u00edk: Sagnfr\u00e6\u00f0istofnun H\u00e1sk\u00f3la \u00cdslands, S\u00f6guf\u00e9lag, 1997, bls. xi-xvi.<\/li>\n<li>\u201eSigur\u00f0sson, J\u00f3n\u201c, \u00ed John Powell, ritstj., <em>Biographical Dictionary of Literary Influences. The Nineteenth Century, 1800\u20131914<\/em> (Westport, 2000), bls. 380\u2013382.<\/li>\n<li>\u201eTil m\u00f3ts vi\u00f0 n\u00fat\u00edmann.\u201c \u00cd \u00c1g\u00fasta \u00deorbergsd\u00f3ttir, ritstj., Kristni <em>\u00e1 \u00cdslandi. \u00datg\u00e1fum\u00e1la\u00feing \u00e1 Akureyri 15. apr\u00edl 2000 og Reykjav\u00edk 23. okt\u00f3ber 2000<\/em> (Reykjav\u00edk: Skrifstofa Al\u00feingis, 2001), bls. 133\u2013138.<\/li>\n<li><a href=\"https:\/\/www.researchgate.net\/publication\/265625770_To_Become_a_Man_The_Ambiguities_of_Gender_Relations_in_late_19th_and_early_20th_century_Iceland\">\u201eTo Become a Man: The Ambiguities of Gender Relations in late 19th and early 20th Century Iceland,\u201c<\/a> \u00ed Ann-Katherine Isaacs, ritstj., Political <em>Systems and Definitions of Gender Roles<\/em> (Pisa: Edizioni Plus, 2001), bls. 43\u201351.<\/li>\n<li><a href=\"http:\/\/www.stm.unipi.it\/Clioh\/tabs\/libri\/3\/01-Halfdanarson_1-14.pdf\" target=\"_blank\" rel=\"noopener noreferrer\">\u201eIcelandic Nationalism: A Non-Violent Paradigm?\u201c<\/a> \u00cd Gu\u00f0mundur H\u00e1lfdanarson og Ann-Katherine Isaacs, ritstj., <em>Nations and Nationalities in Historical Perspective<\/em> (Pisa: Edizioni Plus, 2001), bls. 1\u201314.<\/li>\n<li>\u201eGamli s\u00e1ttm\u00e1li \u2013 frumsamningur \u00edslensks r\u00edkisvalds?\u201c \u00ed Gar\u00f0ar G\u00edslason o.fl. ritstj., <em>L\u00ednd\u00e6la. Sigur\u00f0ur L\u00edndal sj\u00f6tugur. 2. j\u00fal\u00ed 2001<\/em> (Reykjav\u00edk: Hi\u00f0 \u00edslenska b\u00f3kmenntaf\u00e9lag, 2001), bls. 181\u2013194.<\/li>\n<li>\u00cd Bernard A. Cook, ritstj., <em>Europe Since 1945. An Ency<\/em>clopedia (New York: Garland, 2001): Asgeirsson, Asgeir, bls. 53; Bj\u00f6rnsson, Sveinn, bls. 129; Benediktsson, Bjarni, bls. 107\u20138; Cod Wars, bls. 206\u2013207; Eldjarn, Kristjan, bls. 328; Finnbogadottir, Vigdis, bls. 385\u2013386; Grimsson, Olafur Ragnar, bls. 541\u20132; Hall\u00acgrimsson, Geir, bls. 555; Hermannsson, Steingrimur, bls. 566; Iceland, bls. 603\u20139; Johannesson, Olafur, 695; Laxness, Halldor, 776; Odds\u00acson, David, bls. 947; Palsson, Thorsteinn, bls. 960; Thoroddsen, Gunnar, bls. 1250.<\/li>\n<li>\u201eIceland and Europe,\u201c \u00ed Luis Beltr\u00e1n, J. Maestro og L. Salo-Lee, ritstj., <em>European Peripheries in Interaction. The Nordic Countries and the Iberian Peninsula<\/em> (Alcal\u00e1: Universidad de Alcal\u00e1, 2002), bls. 333\u2013348.<\/li>\n<li>\u201eSameiginlegar minningar og tilvist \u00edslenskrar \u00fej\u00f3\u00f0ar,\u201c \u00ed Erla Hulda Halld\u00f3rsd\u00f3ttir, ritstj. <em>2. \u00edslenska s\u00f6gu\u00feingi\u00f0. R\u00e1\u00f0stefnurit<\/em> 2. bd. (Reykjav\u00edk: Sagnfr\u00e6\u00f0ingaf\u00e9lag \u00cdslands, S\u00f6guf\u00e9lag og Sagnfr\u00e6\u00f0istofnun H\u00e1sk\u00f3la \u00cdslands, 2002), bls. 302\u2013318.<\/li>\n<li>\u201eFr\u00e1 st\u00e9tt til \u00fej\u00f3\u00f0ar \u2013 j\u00e1tningar endursko\u00f0unarsinna,\u201c \u00ed Loftur Guttormsson o. fl. ritstj., <em>\u00cdslenskir sagnfr\u00e6\u00f0ingar<\/em>, seinna bindi, <em>Vi\u00f0horf of ranns\u00f3knir<\/em> (Reykjav\u00edk: M\u00e1l og mynd, 2002), bls. 215\u2013225.<\/li>\n<li>\u201eThe Nordic Area: from Competition to Cooperation,\u201c \u00ed Steven Ellis, ritstj., <em>Empires and States in Historical Perspective<\/em> (P\u00edsa: Edizioni Plus, 2002), bls. 83\u201393.<\/li>\n<li>\u201e\u201eEigi v\u00edkja!\u201c \u00dej\u00f3\u00f0ernisvitund og p\u00f3lit\u00edsk menning \u00cdslendinga,\u201c \u00ed Tur\u00ed\u00f0 Sigur\u00f0ard\u00f3ttir og Magn\u00fas Sn\u00e6dal, ritstj., <em>Fr\u00e6ndafundur 4, Sm\u00e1\u00fej\u00f3\u00f0amenning \u00ed al\u00fej\u00f3\u00f0asamf\u00e9lagi<\/em> (\u00de\u00f3rsh\u00f6fn: F\u00f6roya Fr\u00f3\u00f0skaparfelag, 2002), bls. 11-25.<\/li>\n<li>\u201eLanguage, Ethnicity and Nationalism: the Case of Iceland,\u201c \u00ed Gu\u00f0mundur H\u00e1lfdanarson, ritstj., <em>Racial Discrimination and Ethnicity in European History <\/em>(Pisa: Edizioni Plus, 2003), bls. 193\u2013203.<\/li>\n<li>\u201eFrom Enlightened Patriotism to Romantic Nationalism: The Political Thought of Eggert \u00d3lafsson and T\u00f3mas S\u00e6mundsson,\u201c \u00ed Svavar Sigmundsson, ritstj., <em>Norden och Europa 1700-1830 <\/em>(Reykjav\u00edk: F\u00e9lag um \u00e1tj\u00e1ndu aldar fr\u00e6\u00f0i og H\u00e1sk\u00f3la\u00fatg\u00e1fan, 2003), bls. 59\u201373.<\/li>\n<li><a href=\"http:\/\/www.stm.unipi.it\/Clioh\/tabs\/libri\/9\/13-Halfdanarson_189-202.pdf\" target=\"_blank\" rel=\"noopener noreferrer\">\u201eDenmark and Iceland: A Tale of Tolerant Rule,\u201c<\/a> \u00ed Csaba L\u00e9vai og Vasile Vese, ritstj., <em>Tolerance and Intolerance in Historical Perspective <\/em>(P\u00edsa: Edizioni Plus, 2003), bls. 189\u2013201.<\/li>\n<li>\u201eDiscussing Europe: Icelandic nationalism and European integration,\u201c \u00ed Baldur \u00de\u00f3rhallsson, ritstj., <em>Iceland and European Integration. On the Edge <\/em>(London: Routledge, 2004), bls. 128\u2013144.<\/li>\n<li>\u00c1samt Unni Birnu Karlsd\u00f3ttur, \u201eN\u00e1tt\u00farus\u00fdn og n\u00fdting fallvatna. Umr\u00e6\u00f0a um virkjanir og n\u00e1tt\u00faruvernd \u00e1 s\u00ed\u00f0ari hluta 20. aldar,\u201c \u00ed Sigr\u00fan P\u00e1lsd\u00f3ttir, ritstj., <em>Landsvirkjun 1965\u20132005. Fyrirt\u00e6ki\u00f0 og umhverfi \u00feess <\/em>(Reykjav\u00edk: Hi\u00f0 \u00edslenska b\u00f3kmenntaf\u00e9lag, 2005), bls. 165\u2013199.<\/li>\n<li>\u201eKosningar\u00e9ttur kvenna og afm\u00f6rkun borgarar\u00e9ttar \u2013 umr\u00e6\u00f0ur um \u00fe\u00e1ttt\u00f6ku og \u00fatilokun \u00ed \u00edslenskum stj\u00f3rnm\u00e1lum,\u201c \u00ed Au\u00f0ur Styrk\u00e1rsd\u00f3ttir og Krist\u00edn \u00c1stgeirsd\u00f3ttir, ritstj., <em>Kosningar\u00e9ttur kvenna 90 \u00e1ra. Erindi fr\u00e1 m\u00e1l\u00feingi 20. ma\u00ed 2005 <\/em>(Reykjav\u00edk: Kvennas\u00f6gusafn \u00cdslands og Ranns\u00f3knastofa \u00ed kvenna- og kynjafr\u00e6\u00f0um, 2005), bls. 22\u201341.<\/li>\n<li>\u201eFrom Linguistic Patriotism to Cultural Nationalism: Language and Identity in Iceland.\u201c \u00cd Ann Katherine Isaacs, ritstj.. <em>Languages and Identities in Historical Perspective <\/em>(Pisa: Plus, 2005), bls. 55\u201366.<\/li>\n<li>\u201eCollective memory, history, and national identity,\u201d \u00ed \u00c1str\u00e1\u00f0ur Eysteinsson, ritstj., <em>The cultural reconstruction of places <\/em>(Reykjav\u00edk: H\u00e1sk\u00f3la\u00fatg\u00e1fan, 2006), bls. 83\u2013100.<\/li>\n<li>\u201eSustaining Economic Development or Preserving Nature? Environmental Politics in Iceland\u201c, \u00ed G\u00f6ran Bolin o. fl., ritstj., <em>The Challenge of the Baltic Sea Region. Culture, Ecosystems, Democracy <\/em>(Huddinge: S\u00f6dert\u00f6rn University College, 2005), bls. 189\u20132006.<\/li>\n<li>\u201eLanguage, Identity and Political Integration. Iceland in the Age of Enlightenment,\u201c \u00ed Harald Gustafsson og Hanne Sanders, ritstj., <em>Vid gr\u00e4nsen. Integration och identiteter i det f\u00f6rnationella Norden <\/em>(Gautaborg: Makadam og Mi\u00f0st\u00f6\u00f0 Danmerkurranns\u00f3kna vi\u00f0 h\u00e1sk\u00f3lann \u00ed Lundi, 2006), bls. 230\u2013247.<\/li>\n<li>\u00c1samt \u00d3lafi Rastrick, \u201e<a href=\"https:\/\/www.researchgate.net\/publication\/375867706_Culture_and_the_Constitution_of_the_Icelandic\">Culture and the Construction of the Icelander in the 20th Century<\/a>,\u201c \u00ed Jonathan Osmond og Ausma Cimdi\u0146a, ritstj. <em>Power and Culture: Hegemony, Interaction and Dissent <\/em>(Pisa: Plus, Pisa University Press, 2006), bls. 101\u2013117.<\/li>\n<li>\u00c1samt Steven G. Ellis og Ann-Katherine Isaacs, \u201eIntroduction,\u201c \u00ed Steven G. Ellis, Gu\u00f0mundur H\u00e1lfdanarson og Ann-Katherine Isaacs, ritstj., <em>Citizenship in Historical Perspective <\/em>(Pisa: Plus, Pisa University Press, 2006), bls. XI\u2013XX.<\/li>\n<li>\u201e\u0395\u03b9\u03c3\u03b1\u03b3\u03c9\u03b3\u03ae\u201c, \u00ed Gu\u00f0mundur H\u00e1lfdanarson ritstj., <em>\u03a6\u03c5\u03bb\u03b5\u03c4\u03b9\u03ba\u03ad\u03c2 \u03b4\u03b9\u03b1\u03ba\u03c1\u03af\u03c3\u03b5\u03c2 \u03c3\u03c4\u03b7\u03bd \u0395\u03c5\u03c1\u03c9\u03c0\u03b1\u03ca\u03ba\u03ae \u0406\u03c3\u03c4\u03bf\u03c1\u03af\u03b1 <\/em>(A\u00feena, 2006), bls. 19\u201323.<\/li>\n<li>\u201e\u0393\u03bb\u03ce\u03c3\u03c3\u03b1, \u0395\u03b8\u03bd\u03b9\u03ba\u03cc\u03c4\u03b7\u03c4\u03b1 \u03ba\u03b1\u03b9 \u0395\u03b8\u03bd\u03b9\u03ba\u03b9\u03c3\u03bc\u03cc\u03c2: \u0397 \u03c0\u03b5\u03c1\u03af\u03c0\u03c4\u03c9\u03c3\u03b7 \u03c4\u03b7\u03c2 \u0399\u03c3\u03bb\u03b1\u03bd\u03b4\u03af\u03b1\u03c2\u201c, \u00ed Gu\u00f0mundur H\u00e1lfdanarson ritstj., <em>\u03a6\u03c5\u03bb\u03b5\u03c4\u03b9\u03ba\u03ad\u03c2 \u03b4\u03b9\u03b1\u03ba\u03c1\u03af\u03c3\u03b5\u03c2 \u03c3\u03c4\u03b7\u03bd \u0395\u03c5\u03c1\u03c9\u03c0\u03b1\u03ca\u03ba\u03ae \u0406\u03c3\u03c4\u03bf\u03c1\u03af\u03b1 <\/em>(A\u00feena, 2006), bls. 377\u2013396.<\/li>\n<li>\u201e\u0395\u03b9\u03c3\u03b1\u03b3\u03c9\u03b3\u03ae\u201c, \u00ed Ann-Katherine Isaacs og Gu\u00f0mundur H\u00e1lfdanarson, ritstj., <em>\u03a4\u03b1\u0388\u03b8\u03bd\u03b7-\u039a\u03c1\u03ac\u03c4\u03b7 \u03c3\u03c4\u03b7\u03bd \u0395\u03c5\u03c1\u03c9\u03b7\u03b1\u03ca\u03ba\u03ae \u0399\u03c3\u03c4\u03bf\u03c1\u03af\u03b1 <\/em>(A\u00feena, 2006), bls. 17\u201322.<\/li>\n<li>\u201e\u039f \u03b9\u03c3\u03bb\u03b1\u03bd\u03b4\u03c5\u03ba\u03cc\u03c2 \u03b5\u03b8\u03bd\u03b9\u03ba\u03b9\u03c3\u03bc\u03cc\u03c2: \u03ad\u03bd\u03b1 \u03c0\u03b1\u03c1\u03ac\u03b4\u03b5\u03b9\u03b3\u03bc\u03b1 \u03bc\u03b7 \u03b2\u03af\u03b1\u03c2\u201c \u00ed Ann-Katherine Isaacs og Gu\u00f0mundur H\u00e1lfdanarson, ritstj., <em>\u03a4\u03b1\u0388\u03b8\u03bd\u03b7-\u039a\u03c1\u03ac\u03c4\u03b7 \u03c3\u03c4\u03b7\u03bd \u0395\u03c5\u03c1\u03c9\u03b7\u03b1\u03ca\u03ba\u03ae \u0399\u03c3\u03c4\u03bf\u03c1\u03af\u03b1 <\/em>(A\u00feena, 2006), bls. 23\u201346.<\/li>\n<li>\u201eGo\u00f0sagnir \u00edslenskrar sj\u00e1lfst\u00e6\u00f0isbar\u00e1ttu,\u201c \u00ed Benedikt Ey\u00fe\u00f3rsson og Hrafnkell L\u00e1russon, ritstj., <em>\u00deri\u00f0ja \u00edslenska s\u00f6gu\u00feingi\u00f0 18.\u201321. ma\u00ed 2006 <\/em>(Reykjav\u00edk: A\u00f0standendur \u00deri\u00f0ja \u00edslenska s\u00f6gu\u00feingsins, 2007), bls. 407\u2013419.<\/li>\n<li>\u201eGlatast fullveldi\u00f0 vi\u00f0 inng\u00f6ngu \u00ed Evr\u00f3pusambandi\u00f0?\u201c <em>N\u00fd sta\u00f0a \u00cdslands \u00ed utanr\u00edkism\u00e1lum. Tengsl vi\u00f0 \u00f6nnur Evr\u00f3pul\u00f6nd<\/em>, Silja B\u00e1ra \u00d3marsd\u00f3ttir, ritstj. (Reykjav\u00edk: H\u00e1sk\u00f3la\u00fatg\u00e1fan, 2007), bls. 123\u2013133.<\/li>\n<li>\u201eHrein tunga og hraustir l\u00edkamar\u201c, \u00ed <em>Fj\u00f6regg. Rit til hei\u00f0urs Eggerti \u00de\u00f3r Bernhar\u00f0ssyni fimmtugum<\/em>, Gu\u00f0j\u00f3n Ingi Hauksson o.fl. ritstj. (Reykjav\u00edk, 2008), bls. 18\u201321.<\/li>\n<li>\u201e\u00cdslenskar fj\u00f6lskyldur undir lok 18. aldar. Huglei\u00f0ingar um gildi fj\u00f6ls\u00f6guranns\u00f3kna\u201c,\u201c \u00ed <em>Menntaspor. Rit til hei\u00f0urs Lofti Guttormssyni sj\u00f6tugum<\/em>, D\u00f3ra S. Bjarnason o.fl. ritstj. (Reykjav\u00edk, 2008), bls. 269\u2013290.<\/li>\n<li>\u201eViewing the Antipode: Lebanon Seen from Iceland,\u201c \u00ed Chibli Mallat og Dav\u00ed\u00f0 \u00de\u00f3r Bj\u00f6rgvinsson, ritstj., <em>L\u2018 Islande et le Liban: Antipodes de l\u2018 EU \u2013 Iceland and Lebanon: Antipodes of the EU <\/em>(Brussel: Bruylant, 2008), bls. 43\u201364.<\/li>\n<li>\u201e\u201eV\u00e6rs\u00e5god, Flat\u00f8bogen\u201c, H\u00e5ndskriftsagen og afslutningen p\u00e5 Islands kamp for selvst\u00e6ndighed,\u201c \u00ed S\u00f8ren Mentz, ritstj., <em>Rejse gennem Islands historie \u2013 den danske forbindelse <\/em>(Kaupmannah\u00f6fn: Gad, 2008), bls. 163\u2013179.<\/li>\n<li>\u201e<a href=\"https:\/\/www.researchgate.net\/publication\/375867853_Private_Spaces_and_Private_Lives_Privacy_Intimacy_and_Culture_in_Icelandic_19th-Century_Rural_Homes\">Private Spaces and Private Lives: Privacy, Intimacy, and Culture in Icelandic 19th-Century Rural Homes<\/a>\u201c, \u00ed Pieter Fran\u00e7ois, Taina Syrj\u00e4maa, Henri Terho ritstj., <em>Power and Culture: New Perspectives on Spatiality in European History <\/em>(P\u00edsa: Edizioni Plus, 2008), bls. 109\u2013124.<\/li>\n<li><a href=\"http:\/\/ehlee.humnet.unipi.it\/books3\/7\/00.pdf\" target=\"_blank\" rel=\"noopener noreferrer\">\u201eIntroduction\u201c<\/a>, \u00ed <em>Discrimination and Tolerance in Historical Perspective<\/em>. Ritstj\u00f3ri Gu\u00f0mundur H\u00e1lfdanarson (Pisa: Edizoni Plus, 2008), bls. XI\u2013XVIII.<\/li>\n<li>\u201eSt\u00f6ndum sem einn veggur gegn \u00f6llu erlendu valdi\u201c. Huglei\u00f0ingar um s\u00f6gusko\u00f0un og \u00edslenska fullveldisp\u00f3lit\u00edk\u201c, \u00ed <em>Heimtur. Ritger\u00f0ir til hei\u00f0urs Gunnari Karlssyni sj\u00f6tugum <\/em>(Reykjav\u00edk: M\u00e1l og menning, 2009), bls. 146\u2013159.<\/li>\n<li>\u201e\u00dej\u00f3\u00f0 \u00e1 n\u00fdjum sta\u00f0\u201c, \u00ed <em>Sturla\u00f0ar s\u00f6gur sag\u00f0ar \u00dalfari Bragasyni sextugum <\/em>(Reykjav\u00edk: Menningar og minningarsj\u00f3\u00f0ur Mette Magnussen, 2009), bls. 16\u201319.<\/li>\n<li>\u201eRanns\u00f3knir \u00ed menningar- og hugmyndas\u00f6gu 19. og 20. aldar\u201c, \u00ed Gu\u00f0mundur J. Gu\u00f0mundsson, Gu\u00f0mundur J\u00f3nsson og Sigur\u00f0ur Ragnarsson, ritstj., <em>\u00cdslensk sagnfr\u00e6\u00f0i \u00e1 20. \u00f6ld<\/em> (Reykjav\u00edk: S\u00f6gf\u00e9lag, 2009), bls. 187\u2013205.<\/li>\n<li>\u201eSafnah\u00fasi\u00f0 \u2013 Var\u00f0kastali og for\u00f0ab\u00far \u00edslenskrar \u00fej\u00f3\u00f0ernistilfinningar?\u201c, \u00ed <em>Safnah\u00fasi\u00f0, 1909\u20132009, \u00dej\u00f3\u00f0menningarh\u00fasi\u00f0<\/em>, Eggert \u00de\u00f3r Bernhar\u00f0sson ritstj. (Reykjav\u00edk: \u00dej\u00f3\u00f0menningarh\u00fasi\u00f0, 2009), bls. 50\u201361.<\/li>\n<li>\u201eIceland\u201c, \u00ed Ilaria Porciani og Lutz Raphael, ritstj.,\u00a0<em>Atlas of European Historiography. The Making of a Profession 1800-2005<\/em> (Houndsmills, Basingstoke: Palgrave Macmillan, 2010), bls. 72.<\/li>\n<li>(Me\u00f0 Niyazi Kizily\u00fcrek), \u201eTwo Islands of History: 'History Wars' in Cyprus and Iceland\u201c, \u00ed Cana Bilsel, Kim Esmark, Niyazi Kizily\u00fcrek og \u00d3lafur Rastrick, ritstj., <em>Constructing Cultural Identity. Representing Social Power<\/em> (P\u00edsa: University of Pisa Press, Edizoni Plus, 2010), bls. 1-17.<\/li>\n<li>\u201eInterpreting the Nordic Past: Icelandic Medieval Manuscripts and the Construction of a Modern Nation\u201c, \u00ed R.J.W. Evans and Guy P. Marchal, ritstj. <em>The Uses of the Middle Ages in Modern European States. History, Nationhood and the Search for Origins<\/em> (Houndmills, Basingstoke: Palgrave Macmillan, 2011), bls. 52-71.<\/li>\n<li>\u201e'The Beloved War'. The Second World War and the Icelandic National Narrative\u201c, \u00ed Henrik Stenius, Mirja \u00d6sterberg og Johan \u00d6stling, ritstj. <em>Nordic Narratives of the Second World War. National Historiographies Revisited<\/em>. Lundur: Nordic Academic Press, 2011), bls. 79-100.<\/li>\n<li>\u201eUniversity of Iceland. A Citizen of the <i>Respublica Scientiarum<\/i>\u00a0or a Nursery for the Nation?\u201c, \u00ed Pieter Dhondt, ritstj.,\u00a0<i>National, Nordic or European? Nineteenth-century university jubilees and Nordic Cooperation<\/i>\u00a0(Leiden: Brill 2011), bls. 285\u2013312.<\/li>\n<li>\u201eIcelandic Modernity and the Role of Nationalism\u201c. \u00cd J\u00f3hann P\u00e1ll \u00c1rnason og Bj\u00f6rn Wittrock, ritstj., <i>Nordic Paths to Modernity<\/i> (New York: Berghan Books, 2012), bls. 251\u2013273.<\/li>\n<li>\u201eIceland Perceived: Nordic, European or a Colonial Other?\u201c. \u00cd Lill-Ann K\u00f6rber og Ebbe Volquardsen, ritstj.,<a href=\"https:\/\/www.ni.hu-berlin.de\/de\/publ\/publikationsreihen\/berliner_beitraege\/pdf\/bbzs-20-online.pdf\">\u00a0<em>The Postcolonial North Atlantic. Iceland, Greenland and the Faroe Islands<\/em><\/a>. Berliner Betr\u00e4ge zur Skandinavistik, 20 (Berl\u00edn: Nordeuropa-Institut der Humboldt Universit\u00e4t, 2014), bls. 39\u201366.<\/li>\n<li>\u201e\u00dej\u00f3\u00f0n\u00fdting menningararfs. Norr\u00e6n mi\u00f0aldamenning og sk\u00f6pun n\u00fat\u00edma\u00fej\u00f3\u00f0ernis\u201c. \u00cd \u00d3lafur Rastrick og Valdimar Hafstein, ritstj., <em>Menningararfur \u00e1 \u00cdslandi. Greining og gagnr\u00fdni<\/em> (Reykjav\u00edk: H\u00e1sk\u00f3la\u00fatg\u00e1fan, 2015), bls. 41\u201371.<\/li>\n<li>\u201eAn English gentleman visits two 'rude islands': John Barrow Jnr in early nineteenth-century Iceland and Ireland\u201c. \u00cd Christopher Maginn og Gerald Power, ritstj., <em>Frontiers, states and identity in early modern Ireland and beyond. Essays in honour of Steven G. Ellis<\/em> (Dublin: Four Courts Press, 2016), bls. 205\u2013220.<\/li>\n<li>\u201e... \u00ed senn st\u00f3rbrotin kona \u00ed g\u00f6mlum st\u00edl og ein af brautry\u00f0jendum hinna n\u00fdju kvenrjettinda\u201c. \u00cd <em>Margar myndir \u00f6mmu. Konur og m\u00f3tun \u00edslensks samf\u00e9lags \u00e1 20. \u00f6ld<\/em>, ritstj. Irma Erlingsd\u00f3ttir, Ragnhei\u00f0ur Kristj\u00e1nsd\u00f3ttir, Sigr\u00fan Alba Sigur\u00f0ard\u00f3ttir og S\u00f3lveig Anna B\u00f3asd\u00f3ttir. Fl\u00e9ttur IV (Reykjav\u00edk: H\u00e1sk\u00f3la\u00fatg\u00e1fan, 2016), bls. 27\u201349.<\/li>\n<li>(Me\u00f0 Vilhelm Vilhelmssyni), \u201eHistorische Diskriminierungsforschung\u201c. \u00cd <em>Handbuch Diskriminierung<\/em>, ritstj. Albert Scherr, Aladin El-Mafaalani og Emine G\u00f6k\u00e7en Y\u00fcksel (Wiesbaden: Springer, 2017), bls. 25\u201337.<\/li>\n<li>\u201e\u201e\u00cdsland s\u00e9 fyrir \u00cdslendinga.\u201c \u00deegar fullveldi\u00f0 h\u00e9lt innrei\u00f0 \u00ed \u00edslenska stj\u00f3rnm\u00e1laumr\u00e6\u00f0u\u201c. \u00cd <em>Fullveldi \u00ed 99 \u00e1r. Safn ritger\u00f0a til hei\u00f0urs dr. Dav\u00ed\u00f0 \u00de\u00f3r Bj\u00f6rgvinssyni sextugum<\/em>, ritstj. Svala \u00cdsfeld \u00d3lafsd\u00f3ttir (Reykjav\u00edk: Hi\u00f0 \u00edslenska b\u00f3kmenntaf\u00e9lag, 2017), bls. 51\u201370.<\/li>\n<li>\u201eHver er \u00e9g? \u00dej\u00f3\u00f0ernisleg sj\u00e1lfsmyndask\u00f6pun \u00e1 t\u00edmum Sigur\u00f0ar m\u00e1lara\u201c. \u00cd <em>M\u00e1larinn og menningarsk\u00f6pun. Sigur\u00f0ur Gu\u00f0mundsson og Kv\u00f6ldf\u00e9lagi\u00f0 1858\u20131874, <\/em>ritstj. Karl Aspelund og Terry Gunnell (Reykjav\u00edk: Opna og \u00dej\u00f3\u00f0minjasafn \u00cdslands), bls. 29\u201364.<\/li>\n<li>\u201eSaga fullveldishugtaksins fr\u00e1 frj\u00e1lsu fullveldi konungs til fullveldis \u00fej\u00f3\u00f0ar\u201c. \u00cd <em>Frj\u00e1lst og fullvalda r\u00edki. \u00cdsland 1918\u20132018<\/em>, ritstj. Gu\u00f0mundur J\u00f3nsson (Reykjav\u00edk: S\u00f6guf\u00e9lag, 2018), bls. 27\u201358.<\/li>\n<li>\u201eDanskar Atlantshafseyjar?\u201c. \u00cd <em>Til Au\u00f0ar. Afm\u00e6lisrit Au\u00f0ar Hauksd\u00f3ttur sj\u00f6tugrar, <\/em>ritstj. G\u00edsli Magn\u00fasson (Reykjav\u00edk: Stofnun Vigd\u00edsar Finnbogad\u00f3ttur \u00ed erlendum tungum\u00e1lum, 2020), bls. 59\u201365.<\/li>\n<li>(Me\u00f0 framlagi fr\u00e1 Kirsten Thisted), \u201eThe Specter of an Empire\u201c. \u00cd <em>Denmark and the New North Atlantic. Narratives and Memories in a Former Empire, <\/em>1. bd., ritstj. Kirsten Thisted og Ann-Sophie Gremaud (\u00c1r\u00f3sum: Aarhus University Press, 2020), bls. 93\u2013177.<\/li>\n<li>(Me\u00f0 Malan Marnersd\u00f3ttur, Ann-Sophie Gremaud og Kirsten Thisted), \u201eSovereignty, Constitutions and National Resources\u201c. \u00cd <em>Denmark and the New North Atlantic. Narratives and Memories in a Former Empire, <\/em>2. bd., ritstj. Kirsten Thisted og Ann-Sophie Gremaud (\u00c1r\u00f3sum: Aarhus University Press, 2020), bls. 199\u2013279.<\/li>\n<li>\u201eThe Icelandic National Narrative and World War II: 'Freedom and Culture'\u201c. \u00cd <em>Nordic War Stories: World War II as History, Fiction, Media, and Memory,<\/em> ritstj. Marianne Stecher-Hansen (New York: Berghahn Books, 2021), bls. 65\u201380.<\/li>\n<li>\u201e\u00dea\u00f0 sem fagurt er og sk\u00e1ldlegt: \u00c1t\u00f6k um b\u00f3kmenntasmekk og vir\u00f0ingu \u00edslenskrar \u00fej\u00f3\u00f0ar\u201c. \u00cd <a href=\"https:\/\/bora.uib.no\/bora-xmlui\/bitstream\/handle\/11250\/2980833\/Nation%2bsom%2bkvalitet2.pdf?sequence=1&amp;isAllowed=y\"><em>Nation som kvalitet. Smak, offentligheter och folk i 1800-talets Norden<\/em><\/a>, ritstj. Anna Bohlin og Elin Stensgrundet (Bergen: Alvheim og Eide Akademisk forlag, 2021), bls. 155-172.<\/li>\n<li>\u201eDet som er fagert og poetisk: Strid om det islandske folks litter\u00e6re smak og heder\u201c. (norsk \u00fe\u00fd\u00f0ing \u00e1 greininni a\u00f0 ofan), bls. 173-190.<\/li>\n<li>(Me\u00f0 Baldri \u00de\u00f3rhallssyni), \u201eIceland's Smallness: Acceptance or Denial\u201c. \u00cd <em>The Politics of Smallness in Modern Europe: Size, Identity and International Relations since 1800<\/em>, ritstj. Samu\u00ebl Kruzinga (London: Bloomsbury, 2022), bls. 133-150.<\/li>\n<li>\u201eGr\u00edmur og \u00fej\u00f3\u00f0erni\u00f0\u201c. \u00cd <em>Feiknstafir. R\u00e1\u00f0g\u00e1tan Gr\u00edmur Thomsen<\/em>, ritstj. Sveinn Yngvi Egilsson og \u00de\u00f3rir \u00d3skarsson (Reykjav\u00edk: Hi\u00f0 \u00edslenska b\u00f3kmenntaf\u00e9lag, 2022), bls. 91-120.<\/li>\n<li>\u201eIceland in the Second World War\u201c. \u00cd <em>National Perspectives on the Global Second World<\/em> <em>War<\/em>, ritstj. Ashley Jackson (Milton Park, Abington: Routledge, 2023), bls. 51-65.<\/li>\n<\/ul>\n<h4>Ritd\u00f3mar<\/h4>\n<ul>\n<li>El\u00edn P\u00e1lmad\u00f3ttir, <em>Frans\u00ed, biskv\u00ed. Fr\u00f6nsku \u00cdslandssj\u00f3mennirnir<\/em>. Reykjav\u00edk: Almenna b\u00f3kaf\u00e9lagi\u00f0, 1990. Birtist \u00ed <em>S\u00f6gu <\/em>28 (1990), bls. 255-258.<\/li>\n<li>J\u00f3n Hjaltason, <em>Saga Akureyrar<\/em>. I. bindi, <em>890-1862. \u00cd landi Eyrarlands og Nausta<\/em>. Akureyri: Akureyrarb\u00e6r, 1990. Birtist \u00ed <em>S\u00f6gu <\/em>29 (1991), bls. 248-252.<\/li>\n<li><em>\u00cdslenskur s\u00f6guatlas<\/em>. 2. bd. <em>Fr\u00e1 18. \u00f6ld til fullveldis<\/em>. Ritstj\u00f3rar: \u00c1rni Dan\u00edel J\u00fal\u00edusson, J\u00f3n \u00d3lafur \u00cdsberg og Helgi Sk\u00fali Kjartansson. Reykjav\u00edk: I\u00f0unn, 1992. Birtist \u00ed <em>S\u00f6gu<\/em> 30 (1992), bls. 337-342.<\/li>\n<li>E. Paul Durrenberger, <em>The Dynamics of Medieval Iceland: Political Economy and Literature <\/em>Iowa City: Iowa University Press, 1992. Birtist \u00ed <em>American Anthropologist <\/em>95 (Des., 1993), bls. 1040-1041.<\/li>\n<li>A\u00f0algeir Kristj\u00e1nsson, <em>Endurreisn al\u00feingis og \u00fej\u00f3\u00f0fundurinn<\/em>. Reykjav\u00edk: S\u00f6guf\u00e9lagi\u00f0, 1993. Birtist \u00ed <em>S\u00f6gu <\/em>32 (1994), bls. 292-296.<\/li>\n<li>Harald Gustafsson. <em>Political Interaction in the Old Regime. Central Power and Local Society in the Eighteenth-Century Nordic States<\/em>. Birtist \u00ed <em>S\u00f6gu <\/em>33 (1995), bls. 210-214.<\/li>\n<li>Gu\u00f0j\u00f3n Fri\u00f0riksson, <em>J\u00f3n Sigur\u00f0sson. \u00c6visaga<\/em>, 2 bd. (Reykjav\u00edk: M\u00e1l og menning, 2002\u20132003). Birtist \u00ed <em>S\u00f6gu <\/em>42 (2, 2004), bls. 238\u2013243.<\/li>\n<li>Einar Hreinsson, <em>N\u00e4tverk och nepotism. Den regionala f\u00f6rvaltningen p\u00e5 Island 1770\u20131870<\/em>. Gautaborg: H\u00e1sk\u00f3linn \u00ed Gautaborg, 2003. Birtist \u00ed <em>Saga <\/em>43 (1, 2004), pp. 217\u2013223.<\/li>\n<li>Birgir Hermannsson, <em>Understanding Nationalism. Studies in Icelandic Nationalism 1800\u20132000<\/em>. Stokkh\u00f3lmur: H\u00e1sk\u00f3linn \u00ed Stokkh\u00f3lmi, 2005. Birtist \u00ed: <em>Saga <\/em>44:2, 2006, s. 228\u2013232.<\/li>\n<li>Gerard Delanty og Krishan Kumar, ritstj., <em>The Sage Handbook of Nations and Nationalism<\/em>. London: Sage, 2006. Birtist \u00ed <em>S\u00f6gu <\/em>45 (2, 2007), bls. 235\u2013236.<\/li>\n<li>Margr\u00e9t Gunnarsd\u00f3ttir, <em>Ingibj\u00f6rg. Saga Ingibjargar Einarsd\u00f3ttur, eiginkonu J\u00f3ns Sigur\u00f0ssonar forseta.<\/em> Reykjav\u00edk: Ugla, 2011. Birtist \u00ed <em>S\u00f6gu<\/em> 50 (1, 2012), bls. 232\u2013236.<\/li>\n<li>Karen Oslund, <em>Iceland Imagined: Nature, Culture, and Storytelling in the North Atlantic<\/em>. Seattle: University of Washington Press, 2011. Birtist \u00ed <em>Journal of World History<\/em> 24 (2, 2013), bls. 465\u2013468.<\/li>\n<li>Gu\u00f0ni Thorlacius J\u00f3hannesson, <em>The history of Iceland<\/em>. Santa Barbara: Greenwood, 2013. Birtist \u00ed <em>S\u00f6gu<\/em> 52 (2, 2014), bls. 152\u2013155.<\/li>\n<li>Jon R\u00f8yne Kyllingstad og Thor Inge R\u00f8rvik. <em>Universitetet i Oslo. <\/em>2. bd. <em>1870\u20131911. Vitenskapenes universitet<\/em>. Oslo: UNIPUB, 2011. Birtist \u00ed <em>Historisk tidsskrift <\/em>(norskt) 93 (4, 2014), bls. 667<em>\u2013<\/em>670.<\/li>\n<li>Sigurj\u00f3n \u00c1rni Eyj\u00f3lfsson. <em>Tr\u00fa, von og \u00fej\u00f3\u00f0. Sj\u00e1lfsmynd og sta\u00f0leysur. <\/em>Reykjav\u00edk: Hi\u00f0 \u00edslenska b\u00f3kmenntaf\u00e9lag. Birtist \u00ed <em>S\u00f6gu<\/em> 53 (2, 2015), bls. 177<em>\u2013<\/em>182.<\/li>\n<li>R\u00f3sa Magn\u00fasd\u00f3ttir. <em>Kristinn og \u00de\u00f3ra: Rau\u00f0ir \u00fer\u00e6\u00f0ir<\/em>. Reykjav\u00edk: M\u00e1l og menning, 2021. Birtist \u00ed <em>S\u00f6gu<\/em> 60 (1, 2022), bls. 244<em>\u2013<\/em>249.<\/li>\n<\/ul>\n<table width=\"100%\" cellspacing=\"2\">\n<tbody>\n<tr align=\"left\">\n<td class=\"fieldText\" align=\"left\">\n<div><img decoding=\"async\" src=\"https:\/\/gegnir.is\/exlibris\/aleph\/u22_2\/alephe\/www_f_ice\/icon\/f-separator.gif\" alt=\"Link\" border=\"0\" \/><img decoding=\"async\" src=\"https:\/\/gegnir.is\/exlibris\/aleph\/u22_2\/alephe\/www_f_ice\/icon\/f-separator.gif\" alt=\"Link\" border=\"0\" \/><\/div>\n<div>\n<table width=\"100%\" cellspacing=\"2\">\n<tbody>\n<tr align=\"left\">\n<td class=\"fieldText\" align=\"left\"><\/td>\n<\/tr>\n<\/tbody>\n<\/table>\n<\/div>\n<\/td>\n<\/tr>\n<\/tbody>\n<\/table>\n<h4>Pr\u00f3fritger\u00f0ir<\/h4>\n<ul>\n<li>\u201eF\u00f3lksfj\u00f6lda\u00fer\u00f3un \u00cdslands \u00e1 18. \u00f6ld.\u201c Ritger\u00f0 til cand. mag. pr\u00f3fs fr\u00e1 H\u00e1sk\u00f3la \u00cdslands, 1982.<\/li>\n<li>\u201eOld Provinces, Modern Nations: Political Responses to State-Integration in Late Nineteenth and Early Twentieth-Century Iceland and Brittany.\u201c Doktorsritger\u00f0 vi\u00f0 Cornell h\u00e1sk\u00f3la, \u00cd\u00fe\u00f6ku, 1991.<\/li>\n<\/ul>\n<p><strong>\u00a0<\/strong><\/p>\n<p>&nbsp;<\/p>\n","protected":false},"excerpt":{"rendered":"<p>B\u00e6kur \u00cdslensk \u00fej\u00f3\u00f0f\u00e9lags\u00fer\u00f3un, 1880\u20131990. Ritger\u00f0ir. Ritstj\u00f3rar Gu\u00f0mundur H\u00e1lfdanarson og Svanur Kristj\u00e1nsson. Reykjav\u00edk: F\u00e9lagsv\u00edsindastofnun og Sagnfr\u00e6\u00f0istofnun, 1993. Historical Dictionary of Iceland. Lanham, Md.: Scarecrow Press, 1997. European Historical Dictionaries, 24. \u00cdslenska \u00fej\u00f3\u00f0r\u00edki\u00f0 \u2013 uppruni og endim\u00f6rk. Reykjav\u00edk: Hi\u00f0 \u00edslenska b\u00f3kmenntaf\u00e9lag og Reykjav\u00edkurAkadem\u00edan, 2001. Nations and Nationalities in Historical Perspective. Ritstj\u00f3rar Gu\u00f0mundur H\u00e1lfdanarson og Ann-Katherine Isaacs. P\u00edsa: [&hellip;]<\/p>\n","protected":false},"author":152,"featured_media":0,"parent":0,"menu_order":4,"comment_status":"closed","ping_status":"closed","template":"","meta":{"footnotes":""},"class_list":["post-49","page","type-page","status-publish","hentry"],"_links":{"self":[{"href":"https:\/\/uni.hi.is\/ghalfd\/wp-json\/wp\/v2\/pages\/49","targetHints":{"allow":["GET"]}}],"collection":[{"href":"https:\/\/uni.hi.is\/ghalfd\/wp-json\/wp\/v2\/pages"}],"about":[{"href":"https:\/\/uni.hi.is\/ghalfd\/wp-json\/wp\/v2\/types\/page"}],"author":[{"embeddable":true,"href":"https:\/\/uni.hi.is\/ghalfd\/wp-json\/wp\/v2\/users\/152"}],"replies":[{"embeddable":true,"href":"https:\/\/uni.hi.is\/ghalfd\/wp-json\/wp\/v2\/comments?post=49"}],"version-history":[{"count":90,"href":"https:\/\/uni.hi.is\/ghalfd\/wp-json\/wp\/v2\/pages\/49\/revisions"}],"predecessor-version":[{"id":518,"href":"https:\/\/uni.hi.is\/ghalfd\/wp-json\/wp\/v2\/pages\/49\/revisions\/518"}],"wp:attachment":[{"href":"https:\/\/uni.hi.is\/ghalfd\/wp-json\/wp\/v2\/media?parent=49"}],"curies":[{"name":"wp","href":"https:\/\/api.w.org\/{rel}","templated":true}]}}