{"id":197,"date":"2015-10-22T11:17:32","date_gmt":"2015-10-22T11:17:32","guid":{"rendered":"http:\/\/uni.hi.is\/gudrun\/IS\/?page_id=197"},"modified":"2018-04-09T16:05:51","modified_gmt":"2018-04-09T16:05:51","slug":"newspaper-article","status":"publish","type":"page","link":"https:\/\/uni.hi.is\/gudrun\/IS\/publications-2\/newspaper-article\/","title":{"rendered":"Greinar \u00ed bl\u00f6\u00f0um og t\u00edmaritum"},"content":{"rendered":"<p><\/p>\n<ul>\n<li>Minningargrein um Gu\u00f0r\u00fan \u00de\u00f3rsd\u00f3ttur, Gu\u00f0r\u00fan P\u00e9tursd\u00f3ttir, Morgunbla\u00f0i\u00f0 j\u00fan\u00ed 2010<\/li>\n<\/ul>\n<ul>\n<li>N\u00e5r testosteron t\u00e5kene l\u00e6tter, Gu\u00f0r\u00fan P\u00e9tursd\u00f3ttir,Weekend Avisen \u2013 Kaupmannah\u00f6fn \u2013 8.apr\u00edl 2009<\/li>\n<\/ul>\n<ul>\n<li>Minningargrein um Gylfa G\u00edslason,Gu\u00f0r\u00fan P\u00e9tursd\u00f3ttir, Morgunbla\u00f0i\u00f0 15.febr\u00faar 2006<\/li>\n<\/ul>\n<ul>\n<li>Minningargrein um G\u00edgju Bj\u00f6rnsson,Gu\u00f0r\u00fan og \u00d3l\u00f6f P\u00e9tursd\u00e6tur,Morgunbla\u00f0i\u00f0 4.september 2006<\/li>\n<\/ul>\n<ul>\n<li>Grundvallarr\u00e9ttur s\u00edmnotenda, Gu\u00f0r\u00fan P\u00e9tursd\u00f3ttir,Fr\u00e9ttabla\u00f0i\u00f0 30.desember 2006<\/li>\n<\/ul>\n<ul>\n<li>Rifi\u00f0 Mikilt\u00e1lmi, Gu\u00f0r\u00fan P\u00e9tursd\u00f3ttir Lesb\u00f3k Morgunbla\u00f0sins mars 2004<\/li>\n<\/ul>\n<ul>\n<li>Minningargrein um Margr\u00e9ti Thors, Gu\u00f0r\u00fan P\u00e9tursd\u00f3ttir.,Morgunbla\u00f0i\u00f0 18.mars 2003<\/li>\n<\/ul>\n<ul>\n<li>Er leikur a\u00f0 l\u00e6ra, Gu\u00f0r\u00fan P\u00e9tursd\u00f3ttir,Lesb\u00f3k Morgunbla\u00f0sins 30.ma\u00ed 2003<\/li>\n<\/ul>\n<ul>\n<li>Frj\u00e1lsar \u00fej\u00f3\u00f0ir,Gu\u00f0r\u00fan P\u00e9tursd\u00f3ttir,Lesb\u00f3k Morgunbla\u00f0sins 26.j\u00fal\u00ed\u00a0 2003<\/li>\n<\/ul>\n<ul>\n<li>Um helmingaskipti og fyrirgefningu skulda,Gu\u00f0r\u00fan P\u00e9tursd\u00f3ttir,Morgunbla\u00f0i\u00f0 28.\u00e1g\u00fast 2003<\/li>\n<\/ul>\n<ul>\n<li>N\u00e1tt\u00faruperla,Gu\u00f0r\u00fan P\u00e9tursd\u00f3ttir,Morgunbla\u00f0i\u00f0 febr\u00faar 2002(?<\/li>\n<\/ul>\n<ul>\n<li>Ein st\u00e6r\u00f0 handa \u00f6llum,Gu\u00f0r\u00fan P\u00e9tursd\u00f3ttir, Lesb\u00f3k Morgunbla\u00f0sins j\u00fal\u00ed 2002<\/li>\n<\/ul>\n<ul>\n<li>B\u00f6rn sinna t\u00edma,Gu\u00f0r\u00fan P\u00e9tursd\u00f3ttir. Lesb\u00f3k Morgunbla\u00f0sins n\u00f3vember 2002<\/li>\n<\/ul>\n<ul>\n<li>Katr\u00ednu \u00ed fj\u00f3r\u00f0a s\u00e6ti\u00f0, Gu\u00f0r\u00fan P\u00e9tursd\u00f3ttir, Morgunbla\u00f0i\u00f0 n\u00f3vember 2002<\/li>\n<\/ul>\n<ul>\n<li>Minningargrein um \u00deorstein E. J\u00f3nsson,Gu\u00f0r\u00fan P\u00e9tursd\u00f3ttir, Morgunbla\u00f0i\u00f0 11.01.2002.<\/li>\n<\/ul>\n<ul>\n<li>Tv\u00e6r g\u00f3\u00f0ar, Gu\u00f0r\u00fan P\u00e9tursd\u00f3ttir, Morgunbla\u00f0i\u00f0 mars 2001<\/li>\n<\/ul>\n<ul>\n<li>Traustsins ver\u00f0ur, Gu\u00f0r\u00fan P\u00e9tursd\u00f3ttir, Morgunbla\u00f0i\u00f0 apr\u00edl 2001<\/li>\n<\/ul>\n<ul>\n<li>Eplin og hrossata\u00f0sk\u00f6ggullinn, Gu\u00f0r\u00fan P\u00e9tursd\u00f3ttir, Morgunbla\u00f0i\u00f0 2001<\/li>\n<\/ul>\n<ul>\n<li>Landflutningar, Gu\u00f0r\u00fan P\u00e9tursd\u00f3ttir, Morgunbla\u00f0i\u00f0 2001<\/li>\n<\/ul>\n<ul>\n<li>\u00de\u00f6gn, Gu\u00f0r\u00fan P\u00e9tursd\u00f3ttir, Lesb\u00f3k Morgunbla\u00f0sins desember 2001<\/li>\n<\/ul>\n<ul>\n<li>Minningar \u00far Menntask\u00f3la 1970,Gu\u00f0r\u00fan P\u00e9tursd\u00f3ttir.Minningar \u00far Menntask\u00f3lanum \u00ed Reykjav\u00edk:225-232.\u00a0 B\u00f3ka\u00fatg\u00e1fan H\u00f3lar 2001 (einnig birt \u00ed Morgunbla\u00f0inu 2001)<\/li>\n<\/ul>\n<ul>\n<li>\u00d3pera \u00e1 breytingaskei\u00f0i, Gu\u00f0r\u00fan P\u00e9tursd\u00f3ttir,Morgunbla\u00f0i\u00f0 apr\u00edl 2000<\/li>\n<\/ul>\n<ul>\n<li>Er \u00e9g banani? Gu\u00f0r\u00fan P\u00e9tursd\u00f3ttir\u00a0 Lesb\u00f3k Morgunbla\u00f0sins 1999<\/li>\n<\/ul>\n<ul>\n<li>N\u00fat\u00edminn, Gu\u00f0r\u00fan P\u00e9tursd\u00f3ttir. Lesb\u00f3k Morgunbal\u00f0sins,23.okt. 1999<\/li>\n<\/ul>\n<ul>\n<li>Go\u00f0abarn,Gu\u00f0r\u00fan P\u00e9tursd\u00f3ttir,kafli \u00ed b\u00f3kinni <em>\u00c1 l\u00edfsins lei\u00f0,<\/em>\u00c6skan 1999. (einnig birt \u00ed Morgunbla\u00f0inu 5.des.1999)<\/li>\n<\/ul>\n<ul>\n<li>N\u00e1m og landn\u00e1m\u00a0 Lesb\u00f3k Morgunbla\u00f0sins, 14. feb. 1998<\/li>\n<\/ul>\n<ul>\n<li>Bara trix\u00a0 Lesb\u00f3k Morgunbla\u00f0sins \u00e1g\u00fast 1998<\/li>\n<\/ul>\n<ul>\n<li>S\u00f3lskinsskattur Gu\u00f0r\u00fan P\u00e9tursd\u00f3ttir\u00a0 Lesb\u00f3k Morgunbla\u00f0sins 1998<\/li>\n<\/ul>\n<ul>\n<li>Glitrandi penni\u00a0 Lesb\u00f3k Morgunbla\u00f0sins, apr\u00edl? 1997<\/li>\n<\/ul>\n<ul>\n<li>Undir annarra hatti\u00a0 Lesb\u00f3k Morgunbla\u00f0sins, j\u00fan\u00ed 1997<\/li>\n<\/ul>\n<ul>\n<li>Danskan d\u00fdra\u00a0 Lesb\u00f3k Morgunbla\u00f0sins, sept 1997<\/li>\n<\/ul>\n<ul>\n<li>Vi\u00f0tal \u00ed t\u00edmaritinu Vera, n\u00f3v. 1997<\/li>\n<\/ul>\n<ul>\n<li>Sk\u00e1ldi\u00f0 og skr\u00e6fan Morgunbla\u00f0i\u00f0 haust 1996<\/li>\n<\/ul>\n<ul>\n<li>Afn\u00e1m kynjamisr\u00e9ttis\u00a0 T\u00edmariti\u00f0 Vera, 3:16, 1996<\/li>\n<\/ul>\n<ul>\n<li>Hvers vegna \u00fej\u00f3\u00f0kj\u00f6rinn forseta?\u00a0 Greinarger\u00f0\u00a0 Morgunbla\u00f0i\u00f0,\u00a0 ma\u00ed 1996, 12-13<\/li>\n<\/ul>\n<ul>\n<li>\u00deegar sm\u00e6\u00f0in ver\u00f0ur styrkur \u00feinn\u00a0 Lesb\u00f3k Morgunbla\u00f0sins, 7.des 1996<\/li>\n<\/ul>\n<ul>\n<li>Menn hafa tr\u00fa \u00e1 \u00cdslandi\u00a0 Vi\u00f0tal vi\u00f0 St\u00fadentabla\u00f0i\u00f0 n\u00f3vember 1995<\/li>\n<\/ul>\n<p><\/p>","protected":false},"excerpt":{"rendered":"<p>Minningargrein um Gu\u00f0r\u00fan \u00de\u00f3rsd\u00f3ttur, Gu\u00f0r\u00fan P\u00e9tursd\u00f3ttir, Morgunbla\u00f0i\u00f0 j\u00fan\u00ed 2010 N\u00e5r testosteron t\u00e5kene l\u00e6tter, Gu\u00f0r\u00fan P\u00e9tursd\u00f3ttir,Weekend Avisen \u2013 Kaupmannah\u00f6fn \u2013 8.apr\u00edl 2009 Minningargrein um Gylfa G\u00edslason,Gu\u00f0r\u00fan P\u00e9tursd\u00f3ttir, Morgunbla\u00f0i\u00f0 15.febr\u00faar 2006 Minningargrein um G\u00edgju Bj\u00f6rnsson,Gu\u00f0r\u00fan og \u00d3l\u00f6f P\u00e9tursd\u00e6tur,Morgunbla\u00f0i\u00f0 4.september 2006 Grundvallarr\u00e9ttur s\u00edmnotenda, &hellip; <a href=\"https:\/\/uni.hi.is\/gudrun\/IS\/publications-2\/newspaper-article\/\">Halda \u00e1fram a\u00f0 lesa <span class=\"meta-nav\">&rarr;<\/span><\/a><\/p>\n","protected":false},"author":334,"featured_media":0,"parent":173,"menu_order":4,"comment_status":"closed","ping_status":"closed","template":"","meta":{"footnotes":""},"class_list":["post-197","page","type-page","status-publish","hentry"],"_links":{"self":[{"href":"https:\/\/uni.hi.is\/gudrun\/IS\/wp-json\/wp\/v2\/pages\/197","targetHints":{"allow":["GET"]}}],"collection":[{"href":"https:\/\/uni.hi.is\/gudrun\/IS\/wp-json\/wp\/v2\/pages"}],"about":[{"href":"https:\/\/uni.hi.is\/gudrun\/IS\/wp-json\/wp\/v2\/types\/page"}],"author":[{"embeddable":true,"href":"https:\/\/uni.hi.is\/gudrun\/IS\/wp-json\/wp\/v2\/users\/334"}],"replies":[{"embeddable":true,"href":"https:\/\/uni.hi.is\/gudrun\/IS\/wp-json\/wp\/v2\/comments?post=197"}],"version-history":[{"count":6,"href":"https:\/\/uni.hi.is\/gudrun\/IS\/wp-json\/wp\/v2\/pages\/197\/revisions"}],"predecessor-version":[{"id":348,"href":"https:\/\/uni.hi.is\/gudrun\/IS\/wp-json\/wp\/v2\/pages\/197\/revisions\/348"}],"up":[{"embeddable":true,"href":"https:\/\/uni.hi.is\/gudrun\/IS\/wp-json\/wp\/v2\/pages\/173"}],"wp:attachment":[{"href":"https:\/\/uni.hi.is\/gudrun\/IS\/wp-json\/wp\/v2\/media?parent=197"}],"curies":[{"name":"wp","href":"https:\/\/api.w.org\/{rel}","templated":true}]}}