{"id":2,"date":"2020-12-30T01:26:44","date_gmt":"2020-12-30T01:26:44","guid":{"rendered":"https:\/\/uni.hi.is\/jj\/?page_id=2"},"modified":"2021-01-03T05:08:55","modified_gmt":"2021-01-03T05:08:55","slug":"ferilskra","status":"publish","type":"page","link":"https:\/\/uni.hi.is\/jj\/ferilskra\/","title":{"rendered":"Ranns\u00f3knir"},"content":{"rendered":"<p>M\u00e1lv\u00edsindi spanna gr\u00ed\u00f0arlega st\u00f3rt svi\u00f0 en mitt helsta \u00e1hugasvi\u00f0 hefur alltaf veri\u00f0 setningafr\u00e6\u00f0i, \u00fear \u00e1 me\u00f0al tengsl setningafr\u00e6\u00f0i og merkingarfr\u00e6\u00f0i. Me\u00f0al vi\u00f0fangsefna innan setningafr\u00e6\u00f0innar sem \u00e9g hef fengist vi\u00f0 m\u00e1 nefna fallm\u00f6rkun (b\u00e6\u00f0i frumlaga og andlaga), st\u00edlf\u00e6rslu, tilvistarsetningar, upphr\u00f3punarsetningar, andlagsst\u00f6kk, tv\u00f6f\u00f6ldun forsetninga, n\u00fdju \u00feolmyndina, nefnifallsandl\u00f6g og margt fleira.<\/p>\n<p>M\u00ednar ranns\u00f3knir n\u00e1 ekki a\u00f0eins yfir \u00edslenskt n\u00fat\u00edmam\u00e1l heldur einnig forn\u00edslensku, f\u00e6reysku og \u00edslenskt t\u00e1knm\u00e1l. \u00c1 allra s\u00ed\u00f0ustu \u00e1rum hef \u00e9g l\u00edka fengist vi\u00f0 \u00fdmis vi\u00f0fangsefni sem tengja saman m\u00e1lv\u00edsindi og b\u00f3kmenntir og \u00e9g \u00e6tla a\u00f0 halda \u00fev\u00ed \u00e1fram \u00e1 n\u00e6stu \u00e1rum eins og kostur er.<\/p>\n<p>\u00cd \u00e1rsbyrjun 2019 fengum \u00e9g og Cherlon Ussery, d\u00f3sent vi\u00f0 Carleton College, \u00feriggja \u00e1ra styrk fr\u00e1 Rann\u00eds til a\u00f0 st\u00fdra al\u00fej\u00f3\u00f0legu verkefni um tveggja andlaga sagnir \u00ed \u00edslensku og f\u00e6reysku (sj\u00e1 <a href=\"https:\/\/tvoandlog.hi.is\/\">https:\/\/tvoandlog.hi.is\/<\/a>). Verkefninu l\u00fdkur \u00fev\u00ed formlega \u00ed \u00e1rslok 2021 en vinna vi\u00f0 \u00fea\u00f0 mun \u00fe\u00f3 halda \u00e1fram a.m.k. eitt \u00e1r \u00ed vi\u00f0b\u00f3t.<\/p>\n","protected":false},"excerpt":{"rendered":"<p>M\u00e1lv\u00edsindi spanna gr\u00ed\u00f0arlega st\u00f3rt svi\u00f0 en mitt helsta \u00e1hugasvi\u00f0 hefur alltaf veri\u00f0 setningafr\u00e6\u00f0i, \u00fear \u00e1 me\u00f0al tengsl setningafr\u00e6\u00f0i og merkingarfr\u00e6\u00f0i. Me\u00f0al vi\u00f0fangsefna innan setningafr\u00e6\u00f0innar sem \u00e9g hef fengist vi\u00f0 m\u00e1 nefna fallm\u00f6rkun (b\u00e6\u00f0i frumlaga og andlaga), st\u00edlf\u00e6rslu, tilvistarsetningar, upphr\u00f3punarsetningar, andlagsst\u00f6kk, &hellip; <a href=\"https:\/\/uni.hi.is\/jj\/ferilskra\/\">Halda \u00e1fram a\u00f0 lesa <span class=\"meta-nav\">&rarr;<\/span><\/a><\/p>\n","protected":false},"author":1555,"featured_media":0,"parent":0,"menu_order":1,"comment_status":"closed","ping_status":"closed","template":"","meta":{"footnotes":""},"class_list":["post-2","page","type-page","status-publish","hentry"],"_links":{"self":[{"href":"https:\/\/uni.hi.is\/jj\/wp-json\/wp\/v2\/pages\/2","targetHints":{"allow":["GET"]}}],"collection":[{"href":"https:\/\/uni.hi.is\/jj\/wp-json\/wp\/v2\/pages"}],"about":[{"href":"https:\/\/uni.hi.is\/jj\/wp-json\/wp\/v2\/types\/page"}],"author":[{"embeddable":true,"href":"https:\/\/uni.hi.is\/jj\/wp-json\/wp\/v2\/users\/1555"}],"replies":[{"embeddable":true,"href":"https:\/\/uni.hi.is\/jj\/wp-json\/wp\/v2\/comments?post=2"}],"version-history":[{"count":18,"href":"https:\/\/uni.hi.is\/jj\/wp-json\/wp\/v2\/pages\/2\/revisions"}],"predecessor-version":[{"id":93,"href":"https:\/\/uni.hi.is\/jj\/wp-json\/wp\/v2\/pages\/2\/revisions\/93"}],"wp:attachment":[{"href":"https:\/\/uni.hi.is\/jj\/wp-json\/wp\/v2\/media?parent=2"}],"curies":[{"name":"wp","href":"https:\/\/api.w.org\/{rel}","templated":true}]}}