{"id":108,"date":"2016-01-21T00:09:18","date_gmt":"2016-01-21T00:09:18","guid":{"rendered":"http:\/\/uni.hi.is\/jtj\/?page_id=108"},"modified":"2022-02-07T21:12:36","modified_gmt":"2022-02-07T21:12:36","slug":"professional-experience","status":"publish","type":"page","link":"https:\/\/uni.hi.is\/jtj\/professional-experience\/","title":{"rendered":"Starfsferill"},"content":{"rendered":"<p>2013 - Pr\u00f3fessor \u00ed Kennaradeild \u00e1 Menntav\u00edsindasvi\u00f0i H\u00e1sk\u00f3la \u00cdslands<\/p>\n<p>2008 - 2013 Forseti Menntav\u00edsindasvi\u00f0s H\u00e1sk\u00f3la \u00cdslands<\/p>\n<p>1995 - 2001 Deildarforseti F\u00e9lagsv\u00edsindadeildar H\u00e1sk\u00f3la \u00cdslands<\/p>\n<p>1993 - 2008 Pr\u00f3fessor \u00ed uppeldis- og menntunarfr\u00e6\u00f0i vi\u00f0 H\u00e1sk\u00f3la \u00cdslands<\/p>\n<p>1985 - 1993 D\u00f3sent \u00ed uppeldisfr\u00e6\u00f0i vi\u00f0 H\u00e1sk\u00f3la \u00cdslands<\/p>\n<p>1980 - 1985 Lektor \u00ed uppeldisfr\u00e6\u00f0i vi\u00f0 H\u00e1sk\u00f3la \u00cdslands<\/p>\n<p>1980 Lauk doktorspr\u00f3fi (PhD) fr\u00e1 H\u00e1sk\u00f3lanum \u00ed Reading \u00e1 Englandi. Heiti doktorsritger\u00f0ar er What's in a word og fjallar h\u00fan um or\u00f0skynjun og lestur<\/p>\n<p>1977-1980 Stundakennari \u00ed fullu starfi vi\u00f0 H\u00e1sk\u00f3la \u00cdslands, einkum \u00ed f\u00e9lagsv\u00edsindadeild en einnig \u00ed raunv\u00edsindadeild og vi\u00f0 n\u00e1msbraut \u00ed sj\u00fakra\u00fej\u00e1lfun. Einnig vi\u00f0 KH\u00cd.<\/p>\n<p>1974-1977 Haf\u00f0i umsj\u00f3n me\u00f0 ranns\u00f3knum dr. Max Colthearts, s\u00e1 m.a. um forritun og t\u00f6lfr\u00e6\u00f0ilega \u00farvinnslu, vi\u00f0 H\u00e1sk\u00f3lana \u00ed Reading og Birkbeck \u00ed Lund\u00fanum<\/p>\n<p>&nbsp;<\/p>\n<h2>St\u00f6rf \u00e1 vegum H\u00cd<\/h2>\n<p>2013 - Forma\u00f0ur V\u00edsindasi\u00f0anefndar \u00a0H\u00cd<\/p>\n<p>2006 - 2009 \u00cd V\u00edsinda- og t\u00e6knir\u00e1\u00f0i tilnefndur af samstarfsnefnd h\u00e1sk\u00f3lastigsins<\/p>\n<p>2004 - 2009 \u00cd stj\u00f3rn H\u00e1sk\u00f3lans \u00e1 Hvanneyri og LBH\u00cd<\/p>\n<p>2001 - 2004 Forma\u00f0ur Al\u00fej\u00f3\u00f0ar\u00e1\u00f0s H\u00e1sk\u00f3la \u00cdslands<\/p>\n<p>1996 - 1998 Varaforseti h\u00e1sk\u00f3lar\u00e1\u00f0s. Jafnframt forma\u00f0ur samr\u00e1\u00f0snefndar h\u00e1sk\u00f3lar\u00e1\u00f0s og a\u00f0l\u00f6gunarnefndar h\u00e1sk\u00f3lar\u00e1\u00f0s vegna kjarasamninga<\/p>\n<p>1995 - 2001 Deildarforseti f\u00e9lagsv\u00edsindadeildar H\u00e1sk\u00f3la \u00cdslands<\/p>\n<p>1991 - 1993 \u00cd fj\u00e1rm\u00e1lanefnd H\u00cd (\u00ferj\u00fa \u00e1r)<\/p>\n<p>1986 - 1991 Forma\u00f0ur Endurmenntunarnefndar [Endurmenntunarstofnunar] H\u00e1sk\u00f3la \u00cdslands. [Nefndin breyttist \u00ed Endurmenntunarstofnun H\u00cd \u00ed lok \u00feessa t\u00edmabils.]<\/p>\n<p>1985 - 1995 \u00cd stj\u00f3rn F\u00e9lagsv\u00edsindastofnunar H\u00cd. \u00cd forsvari \u00e1ri\u00f0 1990<\/p>\n<p>1980 -2005 \u00cd \u00fdmsum nefndum \u00e1 vegum H\u00cd. Me\u00f0al annars \u00ed stj\u00f3rn Menntar, \u00ed kennaramenntunarnefnd, kennslum\u00e1lanefnd, fjarkennslunefnd og fleiri nefndum um kennslum\u00e1l, n\u00e1msr\u00e1\u00f0gj\u00f6f, fjarkennslu, g\u00e6\u00f0am\u00e1l, Reiknistofnun og RHnet \u00e1 vegum H\u00cd. Forma\u00f0ur n\u00e1msnefnda \u00ed uppeldis- og menntunarfr\u00e6\u00f0i, kennslufr\u00e6\u00f0i og n\u00e1msr\u00e1\u00f0gj\u00f6f oftsinnis \u00e1 \u00feessu t\u00edmabili. \u00cd fj\u00f6lm\u00f6rgum nefndum \u00e1 vegum F\u00e9lagsv\u00edsindadeildar. Forma\u00f0ur \u00ed d\u00f3mnefndum \u00e1 vegum H\u00cd og HA og s\u00e6ti \u00ed fj\u00f6lm\u00f6rgum d\u00f3mnefndum \u00e1 vegum H\u00cd, KH\u00cd og HA. Sat\u00a0h\u00e1sk\u00f3lafundi fr\u00e1 upphafi, sem deildarforseti F\u00e9lagsv\u00edsindadeildar og s\u00ed\u00f0ar sem forseti Menntav\u00edsindasvi\u00f0s.<\/p>\n<h2>\u00d6nnur st\u00f6rf:<\/h2>\n<p>2017 \u00a0 \u00a0 \u00a0 \u00a0 \u00a0 \u00a0 \u00cd nefnd sem metur Menntunarfr\u00e6\u00f0ideild vi\u00f0 H\u00f8gskolen i Oslo og Akershus<\/p>\n<p>2017 \u00a0 \u00a0 \u00a0 \u00a0 \u00a0 \u00a0\u00cd h\u00f3pi Reykjav\u00edkurborgar sem m\u00f3tar n\u00fdja menntastefnu<\/p>\n<p>2016- \u00a0 \u00a0 \u00a0 \u00a0 \u00a0 \u00cd samr\u00e1\u00f0snefnd um s\u00edmenntun kennara, sem menntam\u00e1lar\u00e1\u00f0herra skipar<\/p>\n<p>2013-2015\u00a0 \u00cd al\u00fej\u00f3\u00f0legri nefnd til \u00feess a\u00f0 meta starfsemi Fr\u00f3\u00f0skaparseturs F\u00e6reyja<\/p>\n<p>2013-2014\u00a0 Forma\u00f0ur \u00edslensku UNESCO-nefndarinnar<\/p>\n<p>2011 - 2014 Forma\u00f0ur stj\u00f3rnar Fr\u00e6\u00f0slusj\u00f3\u00f0s framhaldsfr\u00e6\u00f0slu. Skipa\u00f0ur af mennta- og menningarm\u00e1lar\u00e1\u00f0herra<\/p>\n<p>2001 - 2009 S\u00e6ti \u00ed stj\u00f3rn Styrktarf\u00e9lags vangefinna. Varaforma\u00f0ur fr\u00e1\u00a02003<\/p>\n<p>2000 \u00cd forsvari norr\u00e6na NICE-h\u00f3psins (Nordic forum for International and Comparative Education)<\/p>\n<p>1998-2002 \u00cd COST h\u00f3pi, h\u00f3pi evr\u00f3pskra s\u00e9rfr\u00e6\u00f0inga um starfsmenntun<\/p>\n<p>1997-2000 \u00cd stj\u00f3rnarnefnd norr\u00e6na NICE-h\u00f3psins (Nordic forum for International and Comparative Education)<\/p>\n<p>1993-1999 Forma\u00f0ur stj\u00f3rnar T\u00f6lvumi\u00f0st\u00f6\u00f0var fatla\u00f0ra<\/p>\n<p>1987-1989 Forma\u00f0ur Framkv\u00e6mdanefndar menntam\u00e1lar\u00e1\u00f0uneytisins um fjarkennslu<\/p>\n<p>1986-1987 Ritari Fjarkennslunefndar menntam\u00e1lar\u00e1\u00f0uneytisins<\/p>\n<p>1980-1986 Ritari \u00edslensku UNESCO-nefndarinnar<\/p>\n<p>1980- 2004 \u00cd fj\u00f6lm\u00f6rgum nefndum \u00e1 vegum menntam\u00e1lar\u00e1\u00f0uneytis, landb\u00fana\u00f0arr\u00e1\u00f0uneytis og fr\u00e6\u00f0slur\u00e1\u00f0s Reykjav\u00edkur um t\u00f6lvur \u00ed sk\u00f3lastarfi, og um menntam\u00e1l \u00e1 \u00f6llum sk\u00f3lastigum og \u00ed fullor\u00f0insfr\u00e6\u00f0slu. Einnig \u00ed nefnd um n\u00e1mskr\u00e1 \u00ed st\u00e6r\u00f0fr\u00e6\u00f0i. [Styrk\u00feegi Independence Foundation, 1986. F\u00f3r \u00ed sex vikna fer\u00f0 til Bandar\u00edkjanna til \u00feess a\u00f0 kynnast notkun t\u00f6lva \u00ed sk\u00f3lum \u00fear.]<\/p>","protected":false},"excerpt":{"rendered":"<p>2013 - Pr\u00f3fessor \u00ed Kennaradeild \u00e1 Menntav\u00edsindasvi\u00f0i H\u00e1sk\u00f3la \u00cdslands 2008 - 2013 Forseti Menntav\u00edsindasvi\u00f0s H\u00e1sk\u00f3la \u00cdslands 1995 - 2001 Deildarforseti F\u00e9lagsv\u00edsindadeildar H\u00e1sk\u00f3la \u00cdslands 1993 - 2008 Pr\u00f3fessor \u00ed uppeldis- og menntunarfr\u00e6\u00f0i vi\u00f0 H\u00e1sk\u00f3la \u00cdslands 1985 - 1993 D\u00f3sent \u00ed uppeldisfr\u00e6\u00f0i &hellip; <a href=\"https:\/\/uni.hi.is\/jtj\/professional-experience\/\">Continue reading <span class=\"meta-nav\">&rarr;<\/span><\/a><\/p>\n","protected":false},"author":1403,"featured_media":0,"parent":0,"menu_order":4,"comment_status":"closed","ping_status":"closed","template":"","meta":{"footnotes":""},"class_list":["post-108","page","type-page","status-publish","hentry"],"_links":{"self":[{"href":"https:\/\/uni.hi.is\/jtj\/wp-json\/wp\/v2\/pages\/108","targetHints":{"allow":["GET"]}}],"collection":[{"href":"https:\/\/uni.hi.is\/jtj\/wp-json\/wp\/v2\/pages"}],"about":[{"href":"https:\/\/uni.hi.is\/jtj\/wp-json\/wp\/v2\/types\/page"}],"author":[{"embeddable":true,"href":"https:\/\/uni.hi.is\/jtj\/wp-json\/wp\/v2\/users\/1403"}],"replies":[{"embeddable":true,"href":"https:\/\/uni.hi.is\/jtj\/wp-json\/wp\/v2\/comments?post=108"}],"version-history":[{"count":14,"href":"https:\/\/uni.hi.is\/jtj\/wp-json\/wp\/v2\/pages\/108\/revisions"}],"predecessor-version":[{"id":878,"href":"https:\/\/uni.hi.is\/jtj\/wp-json\/wp\/v2\/pages\/108\/revisions\/878"}],"wp:attachment":[{"href":"https:\/\/uni.hi.is\/jtj\/wp-json\/wp\/v2\/media?parent=108"}],"curies":[{"name":"wp","href":"https:\/\/api.w.org\/{rel}","templated":true}]}}