{"id":49,"date":"2020-02-19T12:37:24","date_gmt":"2020-02-19T12:37:24","guid":{"rendered":"http:\/\/uni.hi.is\/unnurk\/?page_id=49"},"modified":"2020-02-19T13:00:28","modified_gmt":"2020-02-19T13:00:28","slug":"ofrjosemisadgerdir-hugmynd-og-framkvaemd","status":"publish","type":"page","link":"https:\/\/uni.hi.is\/unnurk\/rannsoknir\/ofrjosemisadgerdir-hugmynd-og-framkvaemd\/","title":{"rendered":"\u00d3frj\u00f3semisa\u00f0ger\u00f0ir 1938-75"},"content":{"rendered":"<p><span style=\"font-family: georgia, palatino, serif\"><em>Ranns\u00f3kn \u00e1 \u00e1hrifum mannkynb\u00f3tastefnu \u00e1 \u00cdslandi og framkv\u00e6md laga nr. 16\/1938 um \u00f3frj\u00f3semisa\u00f0ger\u00f0ir og f\u00f3sturey\u00f0ingar:<\/em><\/span><\/p>\n<p><span style=\"font-family: georgia, palatino, serif\">\u00c1rin 1999-2003 vann \u00e9g a\u00f0 ranns\u00f3kn \u00e1 framkv\u00e6md laga nr. 16 fr\u00e1 1938 sem heimilu\u00f0u \u00f3frj\u00f3semisa\u00f0ger\u00f0ir og f\u00f3sturey\u00f0ingar \u00ed vissum tilfellum. \u00cd tengslum vi\u00f0 \u00fea\u00f0 verkefni t\u00f3k \u00e9g \u00fe\u00e1tt \u00ed h\u00e1lfsdagsm\u00e1lstofu \u00e1 \u00feingi norr\u00e6nna sagnfr\u00e6\u00f0inga \u00ed \u00c1r\u00f3sum sumari\u00f0 2001 undir yfirskriftinni: \u00d3frj\u00f3semisa\u00f0ger\u00f0ir og velfer\u00f0arkerfi\u00f0, og skrifa\u00f0i grein \u00ed rit r\u00e1\u00f0stefnunnar, um hugmyndafr\u00e6\u00f0i a\u00f0 baki l\u00f6ggj\u00f6f um \u00f3frj\u00f3semisa\u00f0ger\u00f0ir \u00e1 \u00cdslandi. \u00de\u00e1tttakendur \u00ed fyrrgreindri m\u00e1lstofu \u00e1samt m\u00e9r voru sagnfr\u00e6\u00f0ingar fr\u00e1 \u00f6llum hinum Nor\u00f0url\u00f6ndunum sem h\u00f6f\u00f0u rannsaka\u00f0 framkv\u00e6md laga um \u00f3frj\u00f3semisa\u00f0ger\u00f0ir hver \u00ed s\u00ednu landi. Hluti ranns\u00f3knar minnar \u00e1 framkv\u00e6md laga nr. 16\/1938 birtist \u00ed sk\u00fdrslu sem l\u00f6g\u00f0 var fyrir Al\u00feingi vori\u00f0 2002 vegna fyrirspurnar til heilbrig\u00f0isr\u00e1\u00f0herra um framkv\u00e6md fyrrnefndra laga. \u00cdtarlegri umfj\u00f6llun og ni\u00f0urst\u00f6\u00f0ur ranns\u00f3knarinnar voru kynntar fyrirlestrum \u00e1ri\u00f0 2004 og \u00ed grein \u00ed t\u00edmaritinu <em>S\u00f6gu<\/em> \u00e1ri\u00f0 2005. (Ranns\u00f3knin \u00e1 l\u00f6gum nr. 16\/1938 var unninn me\u00f0 styrk fr\u00e1 Hag\u00feenki, Heilbrig\u00f0isr\u00e1\u00f0uneyti, N\u00fdsk\u00f6punarsj\u00f3\u00f0i n\u00e1msmanna, Sagnfr\u00e6\u00f0isj\u00f3\u00f0i dr. Bj\u00f6rns \u00deorsteinssonar og styrk dr. J\u00f3ns Steffensen.)<\/span><\/p>\n","protected":false},"excerpt":{"rendered":"<p>Ranns\u00f3kn \u00e1 \u00e1hrifum mannkynb\u00f3tastefnu \u00e1 \u00cdslandi og framkv\u00e6md laga nr. 16\/1938 um \u00f3frj\u00f3semisa\u00f0ger\u00f0ir og f\u00f3sturey\u00f0ingar: \u00c1rin 1999-2003 vann \u00e9g a\u00f0 ranns\u00f3kn \u00e1 framkv\u00e6md laga nr. 16 fr\u00e1 1938 sem heimilu\u00f0u \u00f3frj\u00f3semisa\u00f0ger\u00f0ir og f\u00f3sturey\u00f0ingar \u00ed vissum tilfellum. \u00cd tengslum vi\u00f0 \u00fea\u00f0 &hellip; <a href=\"https:\/\/uni.hi.is\/unnurk\/rannsoknir\/ofrjosemisadgerdir-hugmynd-og-framkvaemd\/\">Halda \u00e1fram a\u00f0 lesa <span class=\"meta-nav\">&rarr;<\/span><\/a><\/p>\n","protected":false},"author":1539,"featured_media":0,"parent":16,"menu_order":0,"comment_status":"closed","ping_status":"closed","template":"","meta":{"footnotes":""},"class_list":["post-49","page","type-page","status-publish","hentry"],"_links":{"self":[{"href":"https:\/\/uni.hi.is\/unnurk\/wp-json\/wp\/v2\/pages\/49","targetHints":{"allow":["GET"]}}],"collection":[{"href":"https:\/\/uni.hi.is\/unnurk\/wp-json\/wp\/v2\/pages"}],"about":[{"href":"https:\/\/uni.hi.is\/unnurk\/wp-json\/wp\/v2\/types\/page"}],"author":[{"embeddable":true,"href":"https:\/\/uni.hi.is\/unnurk\/wp-json\/wp\/v2\/users\/1539"}],"replies":[{"embeddable":true,"href":"https:\/\/uni.hi.is\/unnurk\/wp-json\/wp\/v2\/comments?post=49"}],"version-history":[{"count":4,"href":"https:\/\/uni.hi.is\/unnurk\/wp-json\/wp\/v2\/pages\/49\/revisions"}],"predecessor-version":[{"id":61,"href":"https:\/\/uni.hi.is\/unnurk\/wp-json\/wp\/v2\/pages\/49\/revisions\/61"}],"up":[{"embeddable":true,"href":"https:\/\/uni.hi.is\/unnurk\/wp-json\/wp\/v2\/pages\/16"}],"wp:attachment":[{"href":"https:\/\/uni.hi.is\/unnurk\/wp-json\/wp\/v2\/media?parent=49"}],"curies":[{"name":"wp","href":"https:\/\/api.w.org\/{rel}","templated":true}]}}